{"id":1531,"date":"2020-08-18T16:22:55","date_gmt":"2020-08-18T19:22:55","guid":{"rendered":"https:\/\/comunidadefidelidade.com\/site\/?page_id=1531"},"modified":"2024-10-03T09:03:55","modified_gmt":"2024-10-03T12:03:55","slug":"baluartes","status":"publish","type":"page","link":"https:\/\/comunidadefidelidade.com\/site\/baluartes\/","title":{"rendered":"Baluartes"},"content":{"rendered":"\t\t<div data-elementor-type=\"wp-page\" data-elementor-id=\"1531\" class=\"elementor elementor-1531\" data-elementor-post-type=\"page\">\n\t\t\t\t\t\t<section class=\"elementor-section elementor-top-section elementor-element elementor-element-d95cd6b elementor-section-boxed elementor-section-height-default elementor-section-height-default\" data-id=\"d95cd6b\" data-element_type=\"section\" data-e-type=\"section\">\n\t\t\t\t\t\t<div class=\"elementor-container elementor-column-gap-default\">\n\t\t\t\t\t<div class=\"elementor-column elementor-col-100 elementor-top-column elementor-element elementor-element-e3c486d\" data-id=\"e3c486d\" data-element_type=\"column\" data-e-type=\"column\">\n\t\t\t<div class=\"elementor-widget-wrap elementor-element-populated\">\n\t\t\t\t\t\t<div class=\"elementor-element elementor-element-08ca7c6 elementor-widget elementor-widget-heading\" data-id=\"08ca7c6\" data-element_type=\"widget\" data-e-type=\"widget\" data-widget_type=\"heading.default\">\n\t\t\t\t<div class=\"elementor-widget-container\">\n\t\t\t\t\t<h2 class=\"elementor-heading-title elementor-size-default\">o que s\u00e3o os santos baluartes<\/h2>\t\t\t\t<\/div>\n\t\t\t\t<\/div>\n\t\t\t\t\t<\/div>\n\t\t<\/div>\n\t\t\t\t\t<\/div>\n\t\t<\/section>\n\t\t\t\t<section class=\"elementor-section elementor-top-section elementor-element elementor-element-0b1069a elementor-section-boxed elementor-section-height-default elementor-section-height-default\" data-id=\"0b1069a\" data-element_type=\"section\" data-e-type=\"section\">\n\t\t\t\t\t\t<div class=\"elementor-container elementor-column-gap-default\">\n\t\t\t\t\t<div class=\"elementor-column elementor-col-100 elementor-top-column elementor-element elementor-element-020c4f8\" data-id=\"020c4f8\" data-element_type=\"column\" data-e-type=\"column\">\n\t\t\t<div class=\"elementor-widget-wrap elementor-element-populated\">\n\t\t\t\t\t\t<div class=\"elementor-element elementor-element-7915d2e elementor-widget elementor-widget-text-editor\" data-id=\"7915d2e\" data-element_type=\"widget\" data-e-type=\"widget\" data-widget_type=\"text-editor.default\">\n\t\t\t\t<div class=\"elementor-widget-container\">\n\t\t\t\t\t\t\t\t\t<p>\u00c9 uma tradi\u00e7\u00e3o bastante comum e muito segura das Novas Comunidades, recorrerem a um, ou a v\u00e1rios Santos Baluartes, desfrutando assim de toda a m\u00edstica que estes desenvolveram em seu relacionamento com Deus.<\/p>\n<p><img fetchpriority=\"high\" decoding=\"async\" class=\"alignleft size-full wp-image-1615\" src=\"https:\/\/comunidadefidelidade.com\/site\/wp-content\/uploads\/2020\/08\/santos.jpg\" alt=\"\" width=\"280\" height=\"180\" \/>De acordo com o dicion\u00e1rio da l\u00edngua portuguesa, a palavra \u201cbaluarte\u201d significa \u201cpessoa ou lugar que oferece apoio no perigo\u201d. Os Santos Baluartes de uma Nova Comunidade n\u00e3o s\u00e3o apenas santos de devo\u00e7\u00e3o, que intercedem pelas diversas necessidades da obra, mas tamb\u00e9m, verdadeiros mestres espirituais que nos conduzem a intimidade com o Senhor. Dando-nos for\u00e7a para a busca constante da santidade e fidelidade ao chamado do carisma para n\u00f3s.<\/p>\n<p>Com eles aprendemos a nos relacionar com a Igreja, servindo-a com amor, comunh\u00e3o e obedi\u00eancia. A m\u00edstica e as virtudes de cada Santo Baluarte, somado com a \u201cexperi\u00eancia do carisma das novas comunidades\u201d, ir\u00e3o proporcionar as novas funda\u00e7\u00f5es a viv\u00eancia de sua aut\u00eantica espiritualidade, a fraternidade, o apostolado, e sua rela\u00e7\u00e3o com Maria Sant\u00edssima, a Eucaristia e os demais sacramentos.<\/p>\n<p>Atrav\u00e9s da forma\u00e7\u00e3o, devemos nos aprofundar na vida e na espiritualidade de cada Santo Baluarte, conhecendo suas obras e sua santidade. A falta deste aprofundamento na vida \u201cdestes apoios espirituais\u201d para nossas comunidades poder\u00e1 gerar o empobrecimento em cada dimens\u00e3o vital de uma Nova Comunidade. Eles devem inspirar o Carisma.<\/p>\t\t\t\t\t\t\t\t<\/div>\n\t\t\t\t<\/div>\n\t\t\t\t\t<\/div>\n\t\t<\/div>\n\t\t\t\t\t<\/div>\n\t\t<\/section>\n\t\t\t\t<section class=\"elementor-section elementor-top-section elementor-element elementor-element-83b6c55 elementor-section-boxed elementor-section-height-default elementor-section-height-default\" data-id=\"83b6c55\" data-element_type=\"section\" data-e-type=\"section\">\n\t\t\t\t\t\t<div class=\"elementor-container elementor-column-gap-default\">\n\t\t\t\t\t<div class=\"elementor-column elementor-col-100 elementor-top-column elementor-element elementor-element-87083bd\" data-id=\"87083bd\" data-element_type=\"column\" data-e-type=\"column\">\n\t\t\t<div class=\"elementor-widget-wrap elementor-element-populated\">\n\t\t\t\t\t\t<div class=\"elementor-element elementor-element-72c2bce elementor-widget elementor-widget-heading\" data-id=\"72c2bce\" data-element_type=\"widget\" data-e-type=\"widget\" data-widget_type=\"heading.default\">\n\t\t\t\t<div class=\"elementor-widget-container\">\n\t\t\t\t\t<h2 class=\"elementor-heading-title elementor-size-default\">nossa senhora das gra\u00e7as<\/h2>\t\t\t\t<\/div>\n\t\t\t\t<\/div>\n\t\t\t\t\t<\/div>\n\t\t<\/div>\n\t\t\t\t\t<\/div>\n\t\t<\/section>\n\t\t\t\t<section class=\"elementor-section elementor-top-section elementor-element elementor-element-74b8ad5 elementor-section-boxed elementor-section-height-default elementor-section-height-default\" data-id=\"74b8ad5\" data-element_type=\"section\" data-e-type=\"section\">\n\t\t\t\t\t\t<div class=\"elementor-container elementor-column-gap-default\">\n\t\t\t\t\t<div class=\"elementor-column elementor-col-50 elementor-top-column elementor-element elementor-element-292b0fd\" data-id=\"292b0fd\" data-element_type=\"column\" data-e-type=\"column\">\n\t\t\t<div class=\"elementor-widget-wrap elementor-element-populated\">\n\t\t\t\t\t\t<div class=\"elementor-element elementor-element-50b726b elementor-widget elementor-widget-text-editor\" data-id=\"50b726b\" data-element_type=\"widget\" data-e-type=\"widget\" data-widget_type=\"text-editor.default\">\n\t\t\t\t<div class=\"elementor-widget-container\">\n\t\t\t\t\t\t\t\t\t<p>Desde o in\u00edcio da Igreja, Maria sempre foi vista como \u201cportadora das gra\u00e7as\u201d. Por\u00e9m, o t\u00edtulo \u201cNossa Senhora das Gra\u00e7as\u201d surgiu num determinado tempo da hist\u00f3ria e num local espec\u00edfico. Estamos falando das 17 horas e 30 minutos do dia 27 de novembro de 1830, na Rua Du Bac, 140, em Paris, Fran\u00e7a. Catarina Labour\u00e9, ent\u00e3o novi\u00e7a da Congrega\u00e7\u00e3o de S\u00e3o Vicente de Paulo, foi at\u00e9 \u00e0 capela impelida para rezar. Estando em ora\u00e7\u00e3o, teve uma vis\u00e3o da Virgem Maria, que se revelou a ela como Nossa Senhora das Gra\u00e7as.<\/p>\t\t\t\t\t\t\t\t<\/div>\n\t\t\t\t<\/div>\n\t\t\t\t\t<\/div>\n\t\t<\/div>\n\t\t\t\t<div class=\"elementor-column elementor-col-50 elementor-top-column elementor-element elementor-element-a946f7e\" data-id=\"a946f7e\" data-element_type=\"column\" data-e-type=\"column\">\n\t\t\t<div class=\"elementor-widget-wrap elementor-element-populated\">\n\t\t\t\t\t\t<div class=\"elementor-element elementor-element-a7e91c4 elementor-widget elementor-widget-image\" data-id=\"a7e91c4\" data-element_type=\"widget\" data-e-type=\"widget\" data-widget_type=\"image.default\">\n\t\t\t\t<div class=\"elementor-widget-container\">\n\t\t\t\t\t\t\t\t\t\t\t\t<figure class=\"wp-caption\">\n\t\t\t\t\t\t\t\t\t\t<img decoding=\"async\" width=\"1024\" height=\"683\" src=\"https:\/\/comunidadefidelidade.com\/site\/wp-content\/uploads\/2020\/08\/304329-conheca-melhor-a-historia-de-nossa-senhora-das-gracas-1024x683.jpg\" class=\"attachment-large size-large wp-image-1616\" alt=\"\" srcset=\"https:\/\/comunidadefidelidade.com\/site\/wp-content\/uploads\/2020\/08\/304329-conheca-melhor-a-historia-de-nossa-senhora-das-gracas-1024x683.jpg 1024w, https:\/\/comunidadefidelidade.com\/site\/wp-content\/uploads\/2020\/08\/304329-conheca-melhor-a-historia-de-nossa-senhora-das-gracas-300x200.jpg 300w, https:\/\/comunidadefidelidade.com\/site\/wp-content\/uploads\/2020\/08\/304329-conheca-melhor-a-historia-de-nossa-senhora-das-gracas-768x512.jpg 768w, https:\/\/comunidadefidelidade.com\/site\/wp-content\/uploads\/2020\/08\/304329-conheca-melhor-a-historia-de-nossa-senhora-das-gracas-391x260.jpg 391w, https:\/\/comunidadefidelidade.com\/site\/wp-content\/uploads\/2020\/08\/304329-conheca-melhor-a-historia-de-nossa-senhora-das-gracas-1536x1024.jpg 1536w, https:\/\/comunidadefidelidade.com\/site\/wp-content\/uploads\/2020\/08\/304329-conheca-melhor-a-historia-de-nossa-senhora-das-gracas-2048x1365.jpg 2048w\" sizes=\"(max-width: 1024px) 100vw, 1024px\" \/>\t\t\t\t\t\t\t\t\t\t\t<figcaption class=\"widget-image-caption wp-caption-text\">Nossa Senhora das Gra\u00e7as, rogai por n\u00f3s!<\/figcaption>\n\t\t\t\t\t\t\t\t\t\t<\/figure>\n\t\t\t\t\t\t\t\t\t<\/div>\n\t\t\t\t<\/div>\n\t\t\t\t\t<\/div>\n\t\t<\/div>\n\t\t\t\t\t<\/div>\n\t\t<\/section>\n\t\t\t\t<section class=\"elementor-section elementor-top-section elementor-element elementor-element-a0aae9a elementor-section-boxed elementor-section-height-default elementor-section-height-default\" data-id=\"a0aae9a\" data-element_type=\"section\" data-e-type=\"section\">\n\t\t\t\t\t\t<div class=\"elementor-container elementor-column-gap-default\">\n\t\t\t\t\t<div class=\"elementor-column elementor-col-100 elementor-top-column elementor-element elementor-element-b331442\" data-id=\"b331442\" data-element_type=\"column\" data-e-type=\"column\">\n\t\t\t<div class=\"elementor-widget-wrap elementor-element-populated\">\n\t\t\t\t\t\t<div class=\"elementor-element elementor-element-6b24cb9 elementor-widget elementor-widget-text-editor\" data-id=\"6b24cb9\" data-element_type=\"widget\" data-e-type=\"widget\" data-widget_type=\"text-editor.default\">\n\t\t\t\t<div class=\"elementor-widget-container\">\n\t\t\t\t\t\t\t\t\t<p>Compreendemos que o t\u00edtulo Nossa Senhora das Gra\u00e7as est\u00e1 intimamente ligado \u00e0 revela\u00e7\u00e3o da Medalha Milagrosa. Por\u00e9m, as gra\u00e7as distribu\u00eddas por Nossa Senhora n\u00e3o dependem do uso da Medalha e sim de pedir a ela com f\u00e9 e devo\u00e7\u00e3o. Tanto que, em outra apari\u00e7\u00e3o, Nossa Senhora se queixou a Santa Catarina Labour\u00e9 dizendo:\u00a0<em>\u201cTenho muitas gra\u00e7as para distribuir&#8230; Mas as pessoas n\u00e3o me pedem&#8230;\u201d<\/em><\/p>\t\t\t\t\t\t\t\t<\/div>\n\t\t\t\t<\/div>\n\t\t\t\t\t<\/div>\n\t\t<\/div>\n\t\t\t\t\t<\/div>\n\t\t<\/section>\n\t\t\t\t<section class=\"elementor-section elementor-top-section elementor-element elementor-element-8d218fd elementor-section-boxed elementor-section-height-default elementor-section-height-default\" data-id=\"8d218fd\" data-element_type=\"section\" data-e-type=\"section\">\n\t\t\t\t\t\t<div class=\"elementor-container elementor-column-gap-default\">\n\t\t\t\t\t<div class=\"elementor-column elementor-col-100 elementor-top-column elementor-element elementor-element-1e9ecb8\" data-id=\"1e9ecb8\" data-element_type=\"column\" data-e-type=\"column\">\n\t\t\t<div class=\"elementor-widget-wrap elementor-element-populated\">\n\t\t\t\t\t\t<div class=\"elementor-element elementor-element-c45317a elementor-widget elementor-widget-text-editor\" data-id=\"c45317a\" data-element_type=\"widget\" data-e-type=\"widget\" data-widget_type=\"text-editor.default\">\n\t\t\t\t<div class=\"elementor-widget-container\">\n\t\t\t\t\t\t\t\t\t<p>\u00c9 interessante lembrar que Nossa Senhora \u00e9 despenseira, ou seja, uma \u201cdistribuidora\u201d de gra\u00e7as. As gra\u00e7as s\u00e3o de Deus e s\u00f3 Ele pode d\u00e1-las. Mas, em sua miseric\u00f3rdia, o Senhor escolheu distribui-las pelas m\u00e3os de sua m\u00e3e, Maria. Esta \u00e9 a maravilha da nossa f\u00e9. Milh\u00f5es de gra\u00e7as est\u00e3o nas m\u00e3os de Nossa Senhora e ela quer distribu\u00ed-las a seus filhos. \u00c9 vontade de Deus que assim seja. Por isso sempre pedimos a ela, com f\u00e9. S\u00e3o Bernardo de Claraval dizia que\u00a0<em>\u201cNunca se ouviu dizer que ela n\u00e3o atendeu a quem pediu com f\u00e9.\u201d<\/em><\/p><p>Assim a Comunidade recebe Nossa Senhora com este titulo, a qual dedicamos nossa Capela, pedindo que Ela seja tamb\u00e9m para o Carisma uma intercessora das gra\u00e7as santificantes.<\/p>\t\t\t\t\t\t\t\t<\/div>\n\t\t\t\t<\/div>\n\t\t\t\t\t<\/div>\n\t\t<\/div>\n\t\t\t\t\t<\/div>\n\t\t<\/section>\n\t\t\t\t<section class=\"elementor-section elementor-top-section elementor-element elementor-element-0db004e elementor-section-boxed elementor-section-height-default elementor-section-height-default\" data-id=\"0db004e\" data-element_type=\"section\" data-e-type=\"section\">\n\t\t\t\t\t\t<div class=\"elementor-container elementor-column-gap-default\">\n\t\t\t\t\t<div class=\"elementor-column elementor-col-100 elementor-top-column elementor-element elementor-element-601cfc9\" data-id=\"601cfc9\" data-element_type=\"column\" data-e-type=\"column\">\n\t\t\t<div class=\"elementor-widget-wrap elementor-element-populated\">\n\t\t\t\t\t\t<div class=\"elementor-element elementor-element-bd2b6da elementor-widget elementor-widget-heading\" data-id=\"bd2b6da\" data-element_type=\"widget\" data-e-type=\"widget\" data-widget_type=\"heading.default\">\n\t\t\t\t<div class=\"elementor-widget-container\">\n\t\t\t\t\t<h2 class=\"elementor-heading-title elementor-size-default\">s\u00e3o bento<\/h2>\t\t\t\t<\/div>\n\t\t\t\t<\/div>\n\t\t\t\t\t<\/div>\n\t\t<\/div>\n\t\t\t\t\t<\/div>\n\t\t<\/section>\n\t\t\t\t<section class=\"elementor-section elementor-top-section elementor-element elementor-element-68035b6 elementor-section-boxed elementor-section-height-default elementor-section-height-default\" data-id=\"68035b6\" data-element_type=\"section\" data-e-type=\"section\">\n\t\t\t\t\t\t<div class=\"elementor-container elementor-column-gap-default\">\n\t\t\t\t\t<div class=\"elementor-column elementor-col-100 elementor-top-column elementor-element elementor-element-1330e18\" data-id=\"1330e18\" data-element_type=\"column\" data-e-type=\"column\">\n\t\t\t<div class=\"elementor-widget-wrap elementor-element-populated\">\n\t\t\t\t\t\t<div class=\"elementor-element elementor-element-272d5cb elementor-widget elementor-widget-text-editor\" data-id=\"272d5cb\" data-element_type=\"widget\" data-e-type=\"widget\" data-widget_type=\"text-editor.default\">\n\t\t\t\t<div class=\"elementor-widget-container\">\n\t\t\t\t\t\t\t\t\t<p>A Regra Beneditina, devido a sua efic\u00e1cia de inspira\u00e7\u00e3o que formava crist\u00e3os santos por meio do seguimento dos ensinamentos de Jesus e da pr\u00e1tica dos Mandamentos e conselhos evang\u00e9licos, logo encantou e dominou a Europa, principalmente com a m\u00e1xima \u201cOra et labora\u201d. Para S\u00e3o Bento, a vida comunit\u00e1ria facilitaria a viv\u00eancia da Regra, pois dela depende o total equil\u00edbrio psicol\u00f3gico; desta maneira, os in\u00fameros mosteiros, que enriqueceram o Cristianismo no Ocidente, tornaram-se far\u00f3is de evangeliza\u00e7\u00e3o, ci\u00eancia, escolas de agricultura, entre outras, isso at\u00e9 mesmo depois de S\u00e3o Bento ter entrado no c\u00e9u com 67 anos.<\/p>\t\t\t\t\t\t\t\t<\/div>\n\t\t\t\t<\/div>\n\t\t\t\t\t<\/div>\n\t\t<\/div>\n\t\t\t\t\t<\/div>\n\t\t<\/section>\n\t\t\t\t<section class=\"elementor-section elementor-top-section elementor-element elementor-element-9542f67 elementor-section-boxed elementor-section-height-default elementor-section-height-default\" data-id=\"9542f67\" data-element_type=\"section\" data-e-type=\"section\">\n\t\t\t\t\t\t<div class=\"elementor-container elementor-column-gap-default\">\n\t\t\t\t\t<div class=\"elementor-column elementor-col-50 elementor-top-column elementor-element elementor-element-91adf35\" data-id=\"91adf35\" data-element_type=\"column\" data-e-type=\"column\">\n\t\t\t<div class=\"elementor-widget-wrap elementor-element-populated\">\n\t\t\t\t\t\t<div class=\"elementor-element elementor-element-9b8422d elementor-widget elementor-widget-image\" data-id=\"9b8422d\" data-element_type=\"widget\" data-e-type=\"widget\" data-widget_type=\"image.default\">\n\t\t\t\t<div class=\"elementor-widget-container\">\n\t\t\t\t\t\t\t\t\t\t\t\t<figure class=\"wp-caption\">\n\t\t\t\t\t\t\t\t\t\t<img decoding=\"async\" width=\"680\" height=\"378\" src=\"https:\/\/comunidadefidelidade.com\/site\/wp-content\/uploads\/2020\/08\/Sao_Bento.jpg\" class=\"attachment-large size-large wp-image-1618\" alt=\"\" srcset=\"https:\/\/comunidadefidelidade.com\/site\/wp-content\/uploads\/2020\/08\/Sao_Bento.jpg 680w, https:\/\/comunidadefidelidade.com\/site\/wp-content\/uploads\/2020\/08\/Sao_Bento-300x167.jpg 300w\" sizes=\"(max-width: 680px) 100vw, 680px\" \/>\t\t\t\t\t\t\t\t\t\t\t<figcaption class=\"widget-image-caption wp-caption-text\">S\u00e3o Bento, rogai por n\u00f3s!<\/figcaption>\n\t\t\t\t\t\t\t\t\t\t<\/figure>\n\t\t\t\t\t\t\t\t\t<\/div>\n\t\t\t\t<\/div>\n\t\t\t\t\t<\/div>\n\t\t<\/div>\n\t\t\t\t<div class=\"elementor-column elementor-col-50 elementor-top-column elementor-element elementor-element-5141baa\" data-id=\"5141baa\" data-element_type=\"column\" data-e-type=\"column\">\n\t\t\t<div class=\"elementor-widget-wrap elementor-element-populated\">\n\t\t\t\t\t\t<div class=\"elementor-element elementor-element-c60ff7f elementor-widget elementor-widget-text-editor\" data-id=\"c60ff7f\" data-element_type=\"widget\" data-e-type=\"widget\" data-widget_type=\"text-editor.default\">\n\t\t\t\t<div class=\"elementor-widget-container\">\n\t\t\t\t\t\t\t\t\t<p>Diante da decad\u00eancia \u2013 tamb\u00e9m moral e espiritual \u2013, o jovem Bento abandonou todos os projetos humanos para se retirar nas montanhas da \u00dambria, onde dedicou-se \u00e0 vida de ora\u00e7\u00e3o, medita\u00e7\u00e3o e aos diversos exerc\u00edcios para a santidade.&nbsp; A Comunidade Fidelidade assume esta postura de vida santificante em nosso Carisma.<\/p>\t\t\t\t\t\t\t\t<\/div>\n\t\t\t\t<\/div>\n\t\t\t\t\t<\/div>\n\t\t<\/div>\n\t\t\t\t\t<\/div>\n\t\t<\/section>\n\t\t\t\t<section class=\"elementor-section elementor-top-section elementor-element elementor-element-86e1c41 elementor-section-boxed elementor-section-height-default elementor-section-height-default\" data-id=\"86e1c41\" data-element_type=\"section\" data-e-type=\"section\">\n\t\t\t\t\t\t<div class=\"elementor-container elementor-column-gap-default\">\n\t\t\t\t\t<div class=\"elementor-column elementor-col-100 elementor-top-column elementor-element elementor-element-5cd03d9\" data-id=\"5cd03d9\" data-element_type=\"column\" data-e-type=\"column\">\n\t\t\t<div class=\"elementor-widget-wrap elementor-element-populated\">\n\t\t\t\t\t\t<div class=\"elementor-element elementor-element-a059ab4 elementor-widget elementor-widget-text-editor\" data-id=\"a059ab4\" data-element_type=\"widget\" data-e-type=\"widget\" data-widget_type=\"text-editor.default\">\n\t\t\t\t<div class=\"elementor-widget-container\">\n\t\t\t\t\t\t\t\t\t<p>A regra de S\u00e3o Bento baseada em ensinamentos escritos por ele e tinha como objetivo formar os jovens crist\u00e3os de acordo com os\u00a0<strong>ensinamentos de Jesus Cristo<\/strong>\u00a0e pr\u00e1tica dos mandamentos. Acreditava-se que atrav\u00e9s dessa regra e a vida comunit\u00e1ria e n\u00e3o individual era mais f\u00e1cil atingir a perfei\u00e7\u00e3o. Isso clareia muito o nosso Carisma Fidelidade.<\/p>\n<p>Al\u00e9m disso, a Regra de S\u00e3o Bento deixava todos bem \u00e0 vontade e era aplicada e moldada de acordo com a capacidade e limita\u00e7\u00f5es de cada um.\u00a0<em>\u201cOra\u00e7\u00e3o e trabalho\u201d<\/em>\u00a0era o seu lema principal onde a ora\u00e7\u00e3o era transformada em trabalho e o trabalho em ora\u00e7\u00e3o, atrav\u00e9s da f\u00e9 e da obedi\u00eancia.<\/p>\n<p>A medalha de S\u00e3o Bento \u00e9 um dos maiores s\u00edmbolos e heran\u00e7as deixadas por esse santo e seus significados e simbologia s\u00e3o de extrema import\u00e2ncia para a Igreja Cat\u00f3lica e para todos os seus devotos que\u00a0<strong>a veneram com f\u00e9 e amor.<\/strong><\/p>\t\t\t\t\t\t\t\t<\/div>\n\t\t\t\t<\/div>\n\t\t\t\t\t<\/div>\n\t\t<\/div>\n\t\t\t\t\t<\/div>\n\t\t<\/section>\n\t\t\t\t<section class=\"elementor-section elementor-top-section elementor-element elementor-element-a048993 elementor-section-boxed elementor-section-height-default elementor-section-height-default\" data-id=\"a048993\" data-element_type=\"section\" data-e-type=\"section\">\n\t\t\t\t\t\t<div class=\"elementor-container elementor-column-gap-default\">\n\t\t\t\t\t<div class=\"elementor-column elementor-col-50 elementor-top-column elementor-element elementor-element-99e351d\" data-id=\"99e351d\" data-element_type=\"column\" data-e-type=\"column\">\n\t\t\t<div class=\"elementor-widget-wrap elementor-element-populated\">\n\t\t\t\t\t\t<div class=\"elementor-element elementor-element-e8fc51b elementor-widget elementor-widget-image\" data-id=\"e8fc51b\" data-element_type=\"widget\" data-e-type=\"widget\" data-widget_type=\"image.default\">\n\t\t\t\t<div class=\"elementor-widget-container\">\n\t\t\t\t\t\t\t\t\t\t\t\t\t\t\t<img loading=\"lazy\" decoding=\"async\" width=\"561\" height=\"444\" src=\"https:\/\/comunidadefidelidade.com\/site\/wp-content\/uploads\/2020\/08\/medalha-de-sao-bento-nossa-sagrada-familia.png\" class=\"attachment-large size-large wp-image-1623\" alt=\"\" srcset=\"https:\/\/comunidadefidelidade.com\/site\/wp-content\/uploads\/2020\/08\/medalha-de-sao-bento-nossa-sagrada-familia.png 561w, https:\/\/comunidadefidelidade.com\/site\/wp-content\/uploads\/2020\/08\/medalha-de-sao-bento-nossa-sagrada-familia-300x237.png 300w\" sizes=\"(max-width: 561px) 100vw, 561px\" \/>\t\t\t\t\t\t\t\t\t\t\t\t\t\t\t<\/div>\n\t\t\t\t<\/div>\n\t\t\t\t\t<\/div>\n\t\t<\/div>\n\t\t\t\t<div class=\"elementor-column elementor-col-50 elementor-top-column elementor-element elementor-element-9b55494\" data-id=\"9b55494\" data-element_type=\"column\" data-e-type=\"column\">\n\t\t\t<div class=\"elementor-widget-wrap elementor-element-populated\">\n\t\t\t\t\t\t<div class=\"elementor-element elementor-element-8f8fa1b elementor-widget elementor-widget-text-editor\" data-id=\"8f8fa1b\" data-element_type=\"widget\" data-e-type=\"widget\" data-widget_type=\"text-editor.default\">\n\t\t\t\t<div class=\"elementor-widget-container\">\n\t\t\t\t\t\t\t\t\t<p><span style=\"word-spacing: normal;\">As primeiras medalhas foram confeccionadas dentro do Mosteiro Cassino e como s\u00edmbolo principal carregam a&nbsp;<\/span><strong style=\"word-spacing: normal;\">cruz<\/strong><span style=\"word-spacing: normal;\">, muito usada por Bento em diversas situa\u00e7\u00f5es de sua vida, inclusive naquelas em que evitou por v\u00e1rias vezes a sua morte. Para Bento, o sinal da cruz era como um sinal de coisas boas sendo feitas, um sinal de vit\u00f3ria contra o mal e a morte. A medalha faz assim, parte de nosso Sinal de perten\u00e7a.<\/span><br><\/p>\t\t\t\t\t\t\t\t<\/div>\n\t\t\t\t<\/div>\n\t\t\t\t\t<\/div>\n\t\t<\/div>\n\t\t\t\t\t<\/div>\n\t\t<\/section>\n\t\t\t\t<section class=\"elementor-section elementor-top-section elementor-element elementor-element-8c7e4da elementor-section-boxed elementor-section-height-default elementor-section-height-default\" data-id=\"8c7e4da\" data-element_type=\"section\" data-e-type=\"section\">\n\t\t\t\t\t\t<div class=\"elementor-container elementor-column-gap-default\">\n\t\t\t\t\t<div class=\"elementor-column elementor-col-100 elementor-top-column elementor-element elementor-element-55858ba\" data-id=\"55858ba\" data-element_type=\"column\" data-e-type=\"column\">\n\t\t\t<div class=\"elementor-widget-wrap elementor-element-populated\">\n\t\t\t\t\t\t<div class=\"elementor-element elementor-element-edccfc6 elementor-widget elementor-widget-heading\" data-id=\"edccfc6\" data-element_type=\"widget\" data-e-type=\"widget\" data-widget_type=\"heading.default\">\n\t\t\t\t<div class=\"elementor-widget-container\">\n\t\t\t\t\t<h2 class=\"elementor-heading-title elementor-size-default\">santo antonio<\/h2>\t\t\t\t<\/div>\n\t\t\t\t<\/div>\n\t\t\t\t\t<\/div>\n\t\t<\/div>\n\t\t\t\t\t<\/div>\n\t\t<\/section>\n\t\t\t\t<section class=\"elementor-section elementor-top-section elementor-element elementor-element-9d93624 elementor-section-boxed elementor-section-height-default elementor-section-height-default\" data-id=\"9d93624\" data-element_type=\"section\" data-e-type=\"section\">\n\t\t\t\t\t\t<div class=\"elementor-container elementor-column-gap-default\">\n\t\t\t\t\t<div class=\"elementor-column elementor-col-50 elementor-top-column elementor-element elementor-element-a59fdfa\" data-id=\"a59fdfa\" data-element_type=\"column\" data-e-type=\"column\">\n\t\t\t<div class=\"elementor-widget-wrap elementor-element-populated\">\n\t\t\t\t\t\t<div class=\"elementor-element elementor-element-d748826 elementor-widget elementor-widget-text-editor\" data-id=\"d748826\" data-element_type=\"widget\" data-e-type=\"widget\" data-widget_type=\"text-editor.default\">\n\t\t\t\t<div class=\"elementor-widget-container\">\n\t\t\t\t\t\t\t\t\t<p>Santo Ant\u00f4nio nasceu em Portugal, na cidade de Lisboa, no fim do s\u00e9culo XII, em 1195. Seus pais eram muito religiosos e o educaram com muito carinho na f\u00e9 da Igreja. Seu nome de batismo era Fernando, e desde muito pequeno acompanhava os pais nas celebra\u00e7\u00f5es religiosas na Catedral.&nbsp;<\/p>\t\t\t\t\t\t\t\t<\/div>\n\t\t\t\t<\/div>\n\t\t\t\t\t<\/div>\n\t\t<\/div>\n\t\t\t\t<div class=\"elementor-column elementor-col-50 elementor-top-column elementor-element elementor-element-c8f719e\" data-id=\"c8f719e\" data-element_type=\"column\" data-e-type=\"column\">\n\t\t\t<div class=\"elementor-widget-wrap elementor-element-populated\">\n\t\t\t\t\t\t<div class=\"elementor-element elementor-element-f62d2bd elementor-widget elementor-widget-image\" data-id=\"f62d2bd\" data-element_type=\"widget\" data-e-type=\"widget\" data-widget_type=\"image.default\">\n\t\t\t\t<div class=\"elementor-widget-container\">\n\t\t\t\t\t\t\t\t\t\t\t\t<figure class=\"wp-caption\">\n\t\t\t\t\t\t\t\t\t\t<img loading=\"lazy\" decoding=\"async\" width=\"700\" height=\"389\" src=\"https:\/\/comunidadefidelidade.com\/site\/wp-content\/uploads\/2020\/08\/155f711e8a92e4ab9e088eb5704b936e.jpg\" class=\"attachment-large size-large wp-image-1622\" alt=\"\" srcset=\"https:\/\/comunidadefidelidade.com\/site\/wp-content\/uploads\/2020\/08\/155f711e8a92e4ab9e088eb5704b936e.jpg 700w, https:\/\/comunidadefidelidade.com\/site\/wp-content\/uploads\/2020\/08\/155f711e8a92e4ab9e088eb5704b936e-300x167.jpg 300w\" sizes=\"(max-width: 700px) 100vw, 700px\" \/>\t\t\t\t\t\t\t\t\t\t\t<figcaption class=\"widget-image-caption wp-caption-text\">Santo Ant\u00f4nio, rogai por n\u00f3s!<\/figcaption>\n\t\t\t\t\t\t\t\t\t\t<\/figure>\n\t\t\t\t\t\t\t\t\t<\/div>\n\t\t\t\t<\/div>\n\t\t\t\t\t<\/div>\n\t\t<\/div>\n\t\t\t\t\t<\/div>\n\t\t<\/section>\n\t\t\t\t<section class=\"elementor-section elementor-top-section elementor-element elementor-element-c426615 elementor-section-boxed elementor-section-height-default elementor-section-height-default\" data-id=\"c426615\" data-element_type=\"section\" data-e-type=\"section\">\n\t\t\t\t\t\t<div class=\"elementor-container elementor-column-gap-default\">\n\t\t\t\t\t<div class=\"elementor-column elementor-col-100 elementor-top-column elementor-element elementor-element-ef2ca1c\" data-id=\"ef2ca1c\" data-element_type=\"column\" data-e-type=\"column\">\n\t\t\t<div class=\"elementor-widget-wrap elementor-element-populated\">\n\t\t\t\t\t\t<div class=\"elementor-element elementor-element-a7dbe42 elementor-widget elementor-widget-text-editor\" data-id=\"a7dbe42\" data-element_type=\"widget\" data-e-type=\"widget\" data-widget_type=\"text-editor.default\">\n\t\t\t\t<div class=\"elementor-widget-container\">\n\t\t\t\t\t\t\t\t\t<p>Ainda menino, foi encaminhado para a escola dos C\u00f4negos Regulares de Santo Agostinho, onde recebeu boa forma\u00e7\u00e3o humana e educa\u00e7\u00e3o crist\u00e3 aprimorada. Segundo biografias, o menino foi consagrado pela m\u00e3e \u00e0 Sant\u00edssima M\u00e3e de Deus, o que explica muita coisa,\u00a0 como o fato de sempre estar \u201cvoltado para o Alto\u201d. Assim, foi crescendo em sabedoria e gra\u00e7a, servindo ao Altar de Deus como ac\u00f3lito.<\/p>\n<p style=\"font-weight: 400;\">\u00c9-nos ensinado que a Divina Provid\u00eancia age sempre, e sempre para um bem. Por isso, a dor do afastamento familiar foi sanada para a Maior Gl\u00f3ria de Deus. Acontece que o mosteiro para o qual foi transferido ficava perto de um convento franciscano. Certo dia, por l\u00e1 passaram cinco dos filhos de S\u00e3o Francisco, que estavam indo ao Marrocos pregar Cristo aos Maometanos. Em Marrocos foram martirizados, e seus restos mortais foram mandados para o mosteiro onde Fernando residia. Tal feito heroico por amor a Deus surpreendeu o jovem, que havia se tornado sacerdote, por isso ele pediu dispensa da ordem dos agostinianos, para entrar para a dos Frades Menores.<\/p>\n<p style=\"font-weight: 400;\">Em 1221 ele \u00e9 admitido na Ordem Franciscana, recebendo o afinal nome &#8220;Frei Ant\u00f4nio&#8221; e vestindo o h\u00e1bito de S\u00e3o Francisco, com o grande sonho de poder morrer m\u00e1rtir tamb\u00e9m.<\/p>\t\t\t\t\t\t\t\t<\/div>\n\t\t\t\t<\/div>\n\t\t\t\t\t<\/div>\n\t\t<\/div>\n\t\t\t\t\t<\/div>\n\t\t<\/section>\n\t\t\t\t<section class=\"elementor-section elementor-top-section elementor-element elementor-element-4279322 elementor-section-boxed elementor-section-height-default elementor-section-height-default\" data-id=\"4279322\" data-element_type=\"section\" data-e-type=\"section\">\n\t\t\t\t\t\t<div class=\"elementor-container elementor-column-gap-default\">\n\t\t\t\t\t<div class=\"elementor-column elementor-col-50 elementor-top-column elementor-element elementor-element-ed96469\" data-id=\"ed96469\" data-element_type=\"column\" data-e-type=\"column\">\n\t\t\t<div class=\"elementor-widget-wrap elementor-element-populated\">\n\t\t\t\t\t\t<div class=\"elementor-element elementor-element-b044346 elementor-widget elementor-widget-image\" data-id=\"b044346\" data-element_type=\"widget\" data-e-type=\"widget\" data-widget_type=\"image.default\">\n\t\t\t\t<div class=\"elementor-widget-container\">\n\t\t\t\t\t\t\t\t\t\t\t\t<figure class=\"wp-caption\">\n\t\t\t\t\t\t\t\t\t\t<img loading=\"lazy\" decoding=\"async\" width=\"314\" height=\"400\" src=\"https:\/\/comunidadefidelidade.com\/site\/wp-content\/uploads\/2020\/08\/martelo.jpg\" class=\"attachment-large size-large wp-image-1626\" alt=\"\" srcset=\"https:\/\/comunidadefidelidade.com\/site\/wp-content\/uploads\/2020\/08\/martelo.jpg 314w, https:\/\/comunidadefidelidade.com\/site\/wp-content\/uploads\/2020\/08\/martelo-236x300.jpg 236w\" sizes=\"(max-width: 314px) 100vw, 314px\" \/>\t\t\t\t\t\t\t\t\t\t\t<figcaption class=\"widget-image-caption wp-caption-text\">Santo Ant\u00f4nio, rogai por n\u00f3s!<\/figcaption>\n\t\t\t\t\t\t\t\t\t\t<\/figure>\n\t\t\t\t\t\t\t\t\t<\/div>\n\t\t\t\t<\/div>\n\t\t\t\t\t<\/div>\n\t\t<\/div>\n\t\t\t\t<div class=\"elementor-column elementor-col-50 elementor-top-column elementor-element elementor-element-d4f8acf\" data-id=\"d4f8acf\" data-element_type=\"column\" data-e-type=\"column\">\n\t\t\t<div class=\"elementor-widget-wrap elementor-element-populated\">\n\t\t\t\t\t\t<div class=\"elementor-element elementor-element-32cd117 elementor-widget elementor-widget-text-editor\" data-id=\"32cd117\" data-element_type=\"widget\" data-e-type=\"widget\" data-widget_type=\"text-editor.default\">\n\t\t\t\t<div class=\"elementor-widget-container\">\n\t\t\t\t\t\t\t\t\t<p style=\"font-weight: 400;\">Sendo o primeiro grande te\u00f3logo franciscano. Pregou aos grandes e aos pequenos, ao Col\u00e9gio Cardinal\u00edcio e aos hereges e judeus. Sua prega\u00e7\u00e3o, que acompanhava sua vida santa e seus milagres, era t\u00e3o eficaz que multid\u00f5es se convertiam \u00e0 F\u00e9. Refutava t\u00e3o bem os infi\u00e9is \u2013 com palavras e atos \u2013 que ficou conhecido como \u201cO Martelo dos Hereges\u201d (e n\u00e3o &#8216;santo casamenteiro&#8217;).<\/p>\n<p style=\"font-weight: 400;\">Combateu heresias que contestavam o valor de toda a vida, a autoridade da Igreja e a pr\u00f3pria Natureza de Deus. N\u00e3o s\u00f3 proclamou o Evangelho, mas tamb\u00e9m o viveu plenamente, de modo que sua pr\u00f3pria vida atestava a profunda verdade de suas palavras. Sua eloqu\u00eancia n\u00e3o era pela for\u00e7a das palavras, mas da Verdade. Por isso e pelo seu desejo de mart\u00edrio, foi proclamado Doutor da Igreja e Confessor, em 1946, pelo papa Pio XII.<\/p>\t\t\t\t\t\t\t\t<\/div>\n\t\t\t\t<\/div>\n\t\t\t\t\t<\/div>\n\t\t<\/div>\n\t\t\t\t\t<\/div>\n\t\t<\/section>\n\t\t\t\t<section class=\"elementor-section elementor-top-section elementor-element elementor-element-ccd8b9c elementor-section-boxed elementor-section-height-default elementor-section-height-default\" data-id=\"ccd8b9c\" data-element_type=\"section\" data-e-type=\"section\">\n\t\t\t\t\t\t<div class=\"elementor-container elementor-column-gap-default\">\n\t\t\t\t\t<div class=\"elementor-column elementor-col-100 elementor-top-column elementor-element elementor-element-91069d6\" data-id=\"91069d6\" data-element_type=\"column\" data-e-type=\"column\">\n\t\t\t<div class=\"elementor-widget-wrap elementor-element-populated\">\n\t\t\t\t\t\t<div class=\"elementor-element elementor-element-5a40060 elementor-widget elementor-widget-heading\" data-id=\"5a40060\" data-element_type=\"widget\" data-e-type=\"widget\" data-widget_type=\"heading.default\">\n\t\t\t\t<div class=\"elementor-widget-container\">\n\t\t\t\t\t<h2 class=\"elementor-heading-title elementor-size-default\">Santa tereSa<\/h2>\t\t\t\t<\/div>\n\t\t\t\t<\/div>\n\t\t\t\t\t<\/div>\n\t\t<\/div>\n\t\t\t\t\t<\/div>\n\t\t<\/section>\n\t\t\t\t<section class=\"elementor-section elementor-top-section elementor-element elementor-element-1879bd8 elementor-section-boxed elementor-section-height-default elementor-section-height-default\" data-id=\"1879bd8\" data-element_type=\"section\" data-e-type=\"section\">\n\t\t\t\t\t\t<div class=\"elementor-container elementor-column-gap-default\">\n\t\t\t\t\t<div class=\"elementor-column elementor-col-100 elementor-top-column elementor-element elementor-element-68ed6a8\" data-id=\"68ed6a8\" data-element_type=\"column\" data-e-type=\"column\">\n\t\t\t<div class=\"elementor-widget-wrap elementor-element-populated\">\n\t\t\t\t\t\t<div class=\"elementor-element elementor-element-4ed773a elementor-widget elementor-widget-text-editor\" data-id=\"4ed773a\" data-element_type=\"widget\" data-e-type=\"widget\" data-widget_type=\"text-editor.default\">\n\t\t\t\t<div class=\"elementor-widget-container\">\n\t\t\t\t\t\t\t\t\t<p>A Comunidade tem como exemplo da vida de santidade aquela que mereceu ser proclamada \u201cDoutora da Igreja\u201d. Santa Teresa de \u00c1vila (tamb\u00e9m conhecida como Santa Teresa de Jesus). Teresa nasceu em \u00c1vila, na Espanha, em 1515 e foi educada de modo s\u00f3lido e crist\u00e3o, tanto assim que, quando crian\u00e7a, se encantou tanto com a leitura da vida dos santos m\u00e1rtires a ponto de ter combinado fugir com o irm\u00e3o para uma regi\u00e3o onde muitos crist\u00e3os eram martirizados; mas nada disso aconteceu gra\u00e7as \u00e0 vigil\u00e2ncia dos pais.<\/p>\t\t\t\t\t\t\t\t<\/div>\n\t\t\t\t<\/div>\n\t\t\t\t\t<\/div>\n\t\t<\/div>\n\t\t\t\t\t<\/div>\n\t\t<\/section>\n\t\t\t\t<section class=\"elementor-section elementor-top-section elementor-element elementor-element-4c9eb05 elementor-section-boxed elementor-section-height-default elementor-section-height-default\" data-id=\"4c9eb05\" data-element_type=\"section\" data-e-type=\"section\">\n\t\t\t\t\t\t<div class=\"elementor-container elementor-column-gap-default\">\n\t\t\t\t\t<div class=\"elementor-column elementor-col-50 elementor-top-column elementor-element elementor-element-68a2454\" data-id=\"68a2454\" data-element_type=\"column\" data-e-type=\"column\">\n\t\t\t<div class=\"elementor-widget-wrap elementor-element-populated\">\n\t\t\t\t\t\t<div class=\"elementor-element elementor-element-7038d5f elementor-widget elementor-widget-text-editor\" data-id=\"7038d5f\" data-element_type=\"widget\" data-e-type=\"widget\" data-widget_type=\"text-editor.default\">\n\t\t\t\t<div class=\"elementor-widget-container\">\n\t\t\t\t\t\t\t\t\t<p>Santa Teresa deixou-nos v\u00e1rias obras grandiosas e profundas, principalmente escritas para as suas filhas do Carmelo : \u201cO Caminho da Perfei\u00e7\u00e3o\u201d, \u201cPensamentos sobre o Amor de Deus\u201d, \u201cCastelo Interior\u201d, \u201cA Vida\u201d. Morreu em Alba de Tormes na noite de 15 de outubro de 1582 aos 67 anos, e em 1622 foi proclamada santa.&nbsp;<\/p>\t\t\t\t\t\t\t\t<\/div>\n\t\t\t\t<\/div>\n\t\t\t\t\t<\/div>\n\t\t<\/div>\n\t\t\t\t<div class=\"elementor-column elementor-col-50 elementor-top-column elementor-element elementor-element-9963837\" data-id=\"9963837\" data-element_type=\"column\" data-e-type=\"column\">\n\t\t\t<div class=\"elementor-widget-wrap elementor-element-populated\">\n\t\t\t\t\t\t<div class=\"elementor-element elementor-element-12227fc elementor-widget elementor-widget-image\" data-id=\"12227fc\" data-element_type=\"widget\" data-e-type=\"widget\" data-widget_type=\"image.default\">\n\t\t\t\t<div class=\"elementor-widget-container\">\n\t\t\t\t\t\t\t\t\t\t\t\t<figure class=\"wp-caption\">\n\t\t\t\t\t\t\t\t\t\t<img loading=\"lazy\" decoding=\"async\" width=\"680\" height=\"378\" src=\"https:\/\/comunidadefidelidade.com\/site\/wp-content\/uploads\/2020\/08\/Santa_Teresa_DAvila.jpg\" class=\"attachment-large size-large wp-image-1629\" alt=\"\" srcset=\"https:\/\/comunidadefidelidade.com\/site\/wp-content\/uploads\/2020\/08\/Santa_Teresa_DAvila.jpg 680w, https:\/\/comunidadefidelidade.com\/site\/wp-content\/uploads\/2020\/08\/Santa_Teresa_DAvila-300x167.jpg 300w\" sizes=\"(max-width: 680px) 100vw, 680px\" \/>\t\t\t\t\t\t\t\t\t\t\t<figcaption class=\"widget-image-caption wp-caption-text\">Santa Teresa D\u00c1vila, rogai por n\u00f3s!<\/figcaption>\n\t\t\t\t\t\t\t\t\t\t<\/figure>\n\t\t\t\t\t\t\t\t\t<\/div>\n\t\t\t\t<\/div>\n\t\t\t\t\t<\/div>\n\t\t<\/div>\n\t\t\t\t\t<\/div>\n\t\t<\/section>\n\t\t\t\t<section class=\"elementor-section elementor-top-section elementor-element elementor-element-6cfbb62 elementor-section-boxed elementor-section-height-default elementor-section-height-default\" data-id=\"6cfbb62\" data-element_type=\"section\" data-e-type=\"section\">\n\t\t\t\t\t\t<div class=\"elementor-container elementor-column-gap-default\">\n\t\t\t\t\t<div class=\"elementor-column elementor-col-100 elementor-top-column elementor-element elementor-element-c255c32\" data-id=\"c255c32\" data-element_type=\"column\" data-e-type=\"column\">\n\t\t\t<div class=\"elementor-widget-wrap elementor-element-populated\">\n\t\t\t\t\t\t<div class=\"elementor-element elementor-element-f4fca8b elementor-widget elementor-widget-text-editor\" data-id=\"f4fca8b\" data-element_type=\"widget\" data-e-type=\"widget\" data-widget_type=\"text-editor.default\">\n\t\t\t\t<div class=\"elementor-widget-container\">\n\t\t\t\t\t\t\t\t\t<p>O seu segredo foi o amor. Conseguiu fundar mais de trinta e dois mosteiros, al\u00e9m de recuperar o fervor primitivo de muitas carmelitas, juntamente com S\u00e3o Jo\u00e3o da Cruz. Teve sofrimentos f\u00edsicos e morais antes de morrer, at\u00e9 que em 1582 disse uma das \u00faltimas palavras: \u201cSenhor, sou filha de vossa Igreja. Como filha da Igreja Cat\u00f3lica quero morrer\u201d.<\/p>\t\t\t\t\t\t\t\t<\/div>\n\t\t\t\t<\/div>\n\t\t\t\t\t<\/div>\n\t\t<\/div>\n\t\t\t\t\t<\/div>\n\t\t<\/section>\n\t\t\t\t<section class=\"elementor-section elementor-top-section elementor-element elementor-element-8de5b9b elementor-section-boxed elementor-section-height-default elementor-section-height-default\" data-id=\"8de5b9b\" data-element_type=\"section\" data-e-type=\"section\">\n\t\t\t\t\t\t<div class=\"elementor-container elementor-column-gap-default\">\n\t\t\t\t\t<div class=\"elementor-column elementor-col-50 elementor-top-column elementor-element elementor-element-789a095\" data-id=\"789a095\" data-element_type=\"column\" data-e-type=\"column\">\n\t\t\t<div class=\"elementor-widget-wrap elementor-element-populated\">\n\t\t\t\t\t\t<div class=\"elementor-element elementor-element-1a81559 elementor-widget elementor-widget-image\" data-id=\"1a81559\" data-element_type=\"widget\" data-e-type=\"widget\" data-widget_type=\"image.default\">\n\t\t\t\t<div class=\"elementor-widget-container\">\n\t\t\t\t\t\t\t\t\t\t\t\t<figure class=\"wp-caption\">\n\t\t\t\t\t\t\t\t\t\t<img loading=\"lazy\" decoding=\"async\" width=\"799\" height=\"533\" src=\"https:\/\/comunidadefidelidade.com\/site\/wp-content\/uploads\/2020\/08\/0075477_regular_catuipe-regiao-das-missoes-santa-tereza-davila.jpg\" class=\"attachment-large size-large wp-image-1631\" alt=\"\" srcset=\"https:\/\/comunidadefidelidade.com\/site\/wp-content\/uploads\/2020\/08\/0075477_regular_catuipe-regiao-das-missoes-santa-tereza-davila.jpg 799w, https:\/\/comunidadefidelidade.com\/site\/wp-content\/uploads\/2020\/08\/0075477_regular_catuipe-regiao-das-missoes-santa-tereza-davila-300x200.jpg 300w, https:\/\/comunidadefidelidade.com\/site\/wp-content\/uploads\/2020\/08\/0075477_regular_catuipe-regiao-das-missoes-santa-tereza-davila-768x512.jpg 768w, https:\/\/comunidadefidelidade.com\/site\/wp-content\/uploads\/2020\/08\/0075477_regular_catuipe-regiao-das-missoes-santa-tereza-davila-391x260.jpg 391w\" sizes=\"(max-width: 799px) 100vw, 799px\" \/>\t\t\t\t\t\t\t\t\t\t\t<figcaption class=\"widget-image-caption wp-caption-text\">Santa Teresa D\u00c1vila, rogai por n\u00f3s!<\/figcaption>\n\t\t\t\t\t\t\t\t\t\t<\/figure>\n\t\t\t\t\t\t\t\t\t<\/div>\n\t\t\t\t<\/div>\n\t\t\t\t\t<\/div>\n\t\t<\/div>\n\t\t\t\t<div class=\"elementor-column elementor-col-50 elementor-top-column elementor-element elementor-element-aaf764b\" data-id=\"aaf764b\" data-element_type=\"column\" data-e-type=\"column\">\n\t\t\t<div class=\"elementor-widget-wrap elementor-element-populated\">\n\t\t\t\t\t\t<div class=\"elementor-element elementor-element-c2b9b8e elementor-widget elementor-widget-text-editor\" data-id=\"c2b9b8e\" data-element_type=\"widget\" data-e-type=\"widget\" data-widget_type=\"text-editor.default\">\n\t\t\t\t<div class=\"elementor-widget-container\">\n\t\t\t\t\t\t\t\t\t<p><span style=\"word-spacing: normal;\">No dia 27 de setembro de 1970 o Papa Paulo VI reconheceu-lhe o t\u00edtulo de Doutora da Igreja. Sua festa lit\u00fargica \u00e9 no dia 15 de outubro. Santa Teresa de \u00c1vila \u00e9 considerada um dos maiores g\u00eanios que a humanidade j\u00e1 produziu. Mesmo ateus e livres-pensadores s\u00e3o obrigados a enaltecer sua viva e arguta intelig\u00eancia, a for\u00e7a persuasiva de seus argumentos, seu estilo vivo e atraente e seu profundo bom senso.&nbsp;<\/span><br><\/p>\t\t\t\t\t\t\t\t<\/div>\n\t\t\t\t<\/div>\n\t\t\t\t\t<\/div>\n\t\t<\/div>\n\t\t\t\t\t<\/div>\n\t\t<\/section>\n\t\t\t\t<section class=\"elementor-section elementor-top-section elementor-element elementor-element-f323930 elementor-section-boxed elementor-section-height-default elementor-section-height-default\" data-id=\"f323930\" data-element_type=\"section\" data-e-type=\"section\">\n\t\t\t\t\t\t<div class=\"elementor-container elementor-column-gap-default\">\n\t\t\t\t\t<div class=\"elementor-column elementor-col-100 elementor-top-column elementor-element elementor-element-a007bc2\" data-id=\"a007bc2\" data-element_type=\"column\" data-e-type=\"column\">\n\t\t\t<div class=\"elementor-widget-wrap elementor-element-populated\">\n\t\t\t\t\t\t<div class=\"elementor-element elementor-element-dcb9a31 elementor-widget elementor-widget-text-editor\" data-id=\"dcb9a31\" data-element_type=\"widget\" data-e-type=\"widget\" data-widget_type=\"text-editor.default\">\n\t\t\t\t<div class=\"elementor-widget-container\">\n\t\t\t\t\t\t\t\t\t<p>O grande Doutor da Igreja, Santo Afonso Maria de Lig\u00f3rio, a tinha em t\u00e3o alta estima que a escolheu como patrona, e a ela consagrou-se como filho espiritual, enaltecendo-a em muitos de seus escritos.<\/p>\t\t\t\t\t\t\t\t<\/div>\n\t\t\t\t<\/div>\n\t\t\t\t\t<\/div>\n\t\t<\/div>\n\t\t\t\t\t<\/div>\n\t\t<\/section>\n\t\t\t\t<section class=\"elementor-section elementor-top-section elementor-element elementor-element-25177ab elementor-section-boxed elementor-section-height-default elementor-section-height-default\" data-id=\"25177ab\" data-element_type=\"section\" data-e-type=\"section\">\n\t\t\t\t\t\t<div class=\"elementor-container elementor-column-gap-default\">\n\t\t\t\t\t<div class=\"elementor-column elementor-col-100 elementor-top-column elementor-element elementor-element-9668a8d\" data-id=\"9668a8d\" data-element_type=\"column\" data-e-type=\"column\">\n\t\t\t<div class=\"elementor-widget-wrap elementor-element-populated\">\n\t\t\t\t\t\t<div class=\"elementor-element elementor-element-37c4750 elementor-widget elementor-widget-heading\" data-id=\"37c4750\" data-element_type=\"widget\" data-e-type=\"widget\" data-widget_type=\"heading.default\">\n\t\t\t\t<div class=\"elementor-widget-container\">\n\t\t\t\t\t<h2 class=\"elementor-heading-title elementor-size-default\">s\u00e3o jo\u00e3o paulo ii<\/h2>\t\t\t\t<\/div>\n\t\t\t\t<\/div>\n\t\t\t\t\t<\/div>\n\t\t<\/div>\n\t\t\t\t\t<\/div>\n\t\t<\/section>\n\t\t\t\t<section class=\"elementor-section elementor-top-section elementor-element elementor-element-771073a elementor-section-boxed elementor-section-height-default elementor-section-height-default\" data-id=\"771073a\" data-element_type=\"section\" data-e-type=\"section\">\n\t\t\t\t\t\t<div class=\"elementor-container elementor-column-gap-default\">\n\t\t\t\t\t<div class=\"elementor-column elementor-col-100 elementor-top-column elementor-element elementor-element-47201c0\" data-id=\"47201c0\" data-element_type=\"column\" data-e-type=\"column\">\n\t\t\t<div class=\"elementor-widget-wrap elementor-element-populated\">\n\t\t\t\t\t\t<div class=\"elementor-element elementor-element-01ac7db elementor-widget elementor-widget-text-editor\" data-id=\"01ac7db\" data-element_type=\"widget\" data-e-type=\"widget\" data-widget_type=\"text-editor.default\">\n\t\t\t\t<div class=\"elementor-widget-container\">\n\t\t\t\t\t\t\t\t\t<p>S\u00e3o Jo\u00e3o Paulo II (Karol J\u00f3zef Wojty\u0142a, 18 de maio de 1920\u2014 2 de abril de 2005) foi o papa e l\u00edder mundial da Igreja Cat\u00f3lica Apost\u00f3lica Romana e Soberano da Cidade do Vaticano de 16 de Outubro de 1978 at\u00e9 a sua morte. Teve o terceiro maior pontificado documentado da hist\u00f3ria; depois dos papas S\u00e3o Pedro, que reinou por cerca de trinta e sete anos, e Pio IX, que reinou por trinta e um anos. Jo\u00e3o Paulo II foi aclamado como um dos l\u00edderes mais influentes do s\u00e9culo XX. Teve um papel fundamental para o fim do comunismo na Pol\u00f3nia e talvez em toda a Europa.<\/p>\n<p>A espiritualidade mariana do grande S\u00e3o Jo\u00e3o Paulo II o levou a uma vida inteiramente dedicada a Deus, principalmente os seus mais de 25 anos de pontificado, um dos mais longos da hist\u00f3ria da Igreja. Olhando para a vida de Jo\u00e3o Paulo II, este santo dos nossos dias, podemos aprender a espiritualidade que o fez de um dos Papas mais extraordin\u00e1rios de todos os tempos e que o elevou rapidamente \u00e0 gl\u00f3ria dos altares.<\/p>\n<p>\u00a0<\/p>\t\t\t\t\t\t\t\t<\/div>\n\t\t\t\t<\/div>\n\t\t\t\t\t<\/div>\n\t\t<\/div>\n\t\t\t\t\t<\/div>\n\t\t<\/section>\n\t\t\t\t<section class=\"elementor-section elementor-top-section elementor-element elementor-element-7736da8 elementor-section-boxed elementor-section-height-default elementor-section-height-default\" data-id=\"7736da8\" data-element_type=\"section\" data-e-type=\"section\">\n\t\t\t\t\t\t<div class=\"elementor-container elementor-column-gap-default\">\n\t\t\t\t\t<div class=\"elementor-column elementor-col-50 elementor-top-column elementor-element elementor-element-c700b7e\" data-id=\"c700b7e\" data-element_type=\"column\" data-e-type=\"column\">\n\t\t\t<div class=\"elementor-widget-wrap elementor-element-populated\">\n\t\t\t\t\t\t<div class=\"elementor-element elementor-element-42a03d8 elementor-widget elementor-widget-text-editor\" data-id=\"42a03d8\" data-element_type=\"widget\" data-e-type=\"widget\" data-widget_type=\"text-editor.default\">\n\t\t\t\t<div class=\"elementor-widget-container\">\n\t\t\t\t\t\t\t\t\t<p>A obra que marcou profundamente a vida e consequentemente a espiritualidade de Karol Wojtyla foi o \u201cTratado da Verdadeira Devo\u00e7\u00e3o \u00e0 Sant\u00edssima Virgem\u201d, de S\u00e3o Lu\u00eds Maria Grignion de Montfort. Falando \u00e0s Fam\u00edlias Monfortinas, o Papa Jo\u00e3o Paulo II disse que o Tratado \u00e9 um \u201ctexto cl\u00e1ssico da espiritualidade mariana\u201d, que teve singular import\u00e2ncia em seu pensamento e em sua vida. Segundo o Santo Padre, o Tratado \u00e9 uma \u201cobra de efici\u00eancia extraordin\u00e1ria para a difus\u00e3o da \u2018verdadeira devo\u00e7\u00e3o\u2019 \u00e0 Virgem Sant\u00edssima\u201d.\u00a0<\/p>\t\t\t\t\t\t\t\t<\/div>\n\t\t\t\t<\/div>\n\t\t\t\t\t<\/div>\n\t\t<\/div>\n\t\t\t\t<div class=\"elementor-column elementor-col-50 elementor-top-column elementor-element elementor-element-1acb755\" data-id=\"1acb755\" data-element_type=\"column\" data-e-type=\"column\">\n\t\t\t<div class=\"elementor-widget-wrap elementor-element-populated\">\n\t\t\t\t\t\t<div class=\"elementor-element elementor-element-4ba98ca elementor-widget elementor-widget-image\" data-id=\"4ba98ca\" data-element_type=\"widget\" data-e-type=\"widget\" data-widget_type=\"image.default\">\n\t\t\t\t<div class=\"elementor-widget-container\">\n\t\t\t\t\t\t\t\t\t\t\t\t<figure class=\"wp-caption\">\n\t\t\t\t\t\t\t\t\t\t<img loading=\"lazy\" decoding=\"async\" width=\"1024\" height=\"640\" src=\"https:\/\/comunidadefidelidade.com\/site\/wp-content\/uploads\/2020\/08\/SJP2-1024x640.jpg\" class=\"attachment-large size-large wp-image-1632\" alt=\"\" srcset=\"https:\/\/comunidadefidelidade.com\/site\/wp-content\/uploads\/2020\/08\/SJP2-1024x640.jpg 1024w, https:\/\/comunidadefidelidade.com\/site\/wp-content\/uploads\/2020\/08\/SJP2-300x188.jpg 300w, https:\/\/comunidadefidelidade.com\/site\/wp-content\/uploads\/2020\/08\/SJP2-768x480.jpg 768w, https:\/\/comunidadefidelidade.com\/site\/wp-content\/uploads\/2020\/08\/SJP2.jpg 1080w\" sizes=\"(max-width: 1024px) 100vw, 1024px\" \/>\t\t\t\t\t\t\t\t\t\t\t<figcaption class=\"widget-image-caption wp-caption-text\">S\u00e3o Jo\u00e3o Paulo II, rogai por n\u00f3s!<\/figcaption>\n\t\t\t\t\t\t\t\t\t\t<\/figure>\n\t\t\t\t\t\t\t\t\t<\/div>\n\t\t\t\t<\/div>\n\t\t\t\t\t<\/div>\n\t\t<\/div>\n\t\t\t\t\t<\/div>\n\t\t<\/section>\n\t\t\t\t<section class=\"elementor-section elementor-top-section elementor-element elementor-element-8f7b18a elementor-section-boxed elementor-section-height-default elementor-section-height-default\" data-id=\"8f7b18a\" data-element_type=\"section\" data-e-type=\"section\">\n\t\t\t\t\t\t<div class=\"elementor-container elementor-column-gap-default\">\n\t\t\t\t\t<div class=\"elementor-column elementor-col-100 elementor-top-column elementor-element elementor-element-9377e42\" data-id=\"9377e42\" data-element_type=\"column\" data-e-type=\"column\">\n\t\t\t<div class=\"elementor-widget-wrap elementor-element-populated\">\n\t\t\t\t\t\t<div class=\"elementor-element elementor-element-6eae32e elementor-widget elementor-widget-heading\" data-id=\"6eae32e\" data-element_type=\"widget\" data-e-type=\"widget\" data-widget_type=\"heading.default\">\n\t\t\t\t<div class=\"elementor-widget-container\">\n\t\t\t\t\t<h2 class=\"elementor-heading-title elementor-size-default\">Santa faustina<\/h2>\t\t\t\t<\/div>\n\t\t\t\t<\/div>\n\t\t\t\t\t<\/div>\n\t\t<\/div>\n\t\t\t\t\t<\/div>\n\t\t<\/section>\n\t\t\t\t<section class=\"elementor-section elementor-top-section elementor-element elementor-element-6c8ecd2 elementor-section-boxed elementor-section-height-default elementor-section-height-default\" data-id=\"6c8ecd2\" data-element_type=\"section\" data-e-type=\"section\">\n\t\t\t\t\t\t<div class=\"elementor-container elementor-column-gap-default\">\n\t\t\t\t\t<div class=\"elementor-column elementor-col-100 elementor-top-column elementor-element elementor-element-8bd5311\" data-id=\"8bd5311\" data-element_type=\"column\" data-e-type=\"column\">\n\t\t\t<div class=\"elementor-widget-wrap elementor-element-populated\">\n\t\t\t\t\t\t<div class=\"elementor-element elementor-element-80b9350 elementor-widget elementor-widget-text-editor\" data-id=\"80b9350\" data-element_type=\"widget\" data-e-type=\"widget\" data-widget_type=\"text-editor.default\">\n\t\t\t\t<div class=\"elementor-widget-container\">\n\t\t\t\t\t\t\t\t\t<p><img loading=\"lazy\" decoding=\"async\" class=\"alignleft size-medium wp-image-1639\" src=\"https:\/\/comunidadefidelidade.com\/site\/wp-content\/uploads\/2020\/08\/santafaustina-212x300.jpg\" alt=\"\" width=\"212\" height=\"300\" srcset=\"https:\/\/comunidadefidelidade.com\/site\/wp-content\/uploads\/2020\/08\/santafaustina-212x300.jpg 212w, https:\/\/comunidadefidelidade.com\/site\/wp-content\/uploads\/2020\/08\/santafaustina.jpg 282w\" sizes=\"(max-width: 212px) 100vw, 212px\" \/>Quem n\u00e3o se desespera diante de seus pecados, mas confia na miseric\u00f3rdia de Deus, como o filho pr\u00f3digo, e pede a Deus perd\u00e3o, arrependido, alcan\u00e7a o perd\u00e3o de seus pecados. A divina Miseric\u00f3rdia \u00e9 a \u00faltima t\u00e1bua de salva\u00e7\u00e3o que Deus oferece ao mundo atual, segundo Santa Faustina.<\/p>\n<p>Santa Maria Faustina Kowalska, nasceu em\u00a0 Crac\u00f3via (1905-1938), foi uma freira e m\u00edstica polaca, contempor\u00e2nea do Beato Jo\u00e3o Paulo II.\u00a0 Escreveu um longo di\u00e1rio, assistida por Jesus, que a chamou de a Ap\u00f3stola (Di\u00e1rio, n. 1142) ou Secret\u00e1ria da Divina Miseric\u00f3rdia (965, 1160, 1275, 1605, 1693, 1784).\u00a0<\/p>\n<p>\u00c9 considerada pelos te\u00f3logos como fazendo parte de um grupo dos mais not\u00e1veis m\u00edsticos da Cristianismo. Sua miss\u00e3o foi preparar o mundo para a segunda vinda de Cristo (nn. 429, 625, 635, 1155, 1732; cf. 848), pregando a divina miseric\u00f3rdia.<\/p>\t\t\t\t\t\t\t\t<\/div>\n\t\t\t\t<\/div>\n\t\t\t\t\t<\/div>\n\t\t<\/div>\n\t\t\t\t\t<\/div>\n\t\t<\/section>\n\t\t\t\t<section class=\"elementor-section elementor-top-section elementor-element elementor-element-9ff9790 elementor-section-boxed elementor-section-height-default elementor-section-height-default\" data-id=\"9ff9790\" data-element_type=\"section\" data-e-type=\"section\">\n\t\t\t\t\t\t<div class=\"elementor-container elementor-column-gap-default\">\n\t\t\t\t\t<div class=\"elementor-column elementor-col-50 elementor-top-column elementor-element elementor-element-c18c30b\" data-id=\"c18c30b\" data-element_type=\"column\" data-e-type=\"column\">\n\t\t\t<div class=\"elementor-widget-wrap elementor-element-populated\">\n\t\t\t\t\t\t<div class=\"elementor-element elementor-element-8992f3f elementor-widget elementor-widget-image\" data-id=\"8992f3f\" data-element_type=\"widget\" data-e-type=\"widget\" data-widget_type=\"image.default\">\n\t\t\t\t<div class=\"elementor-widget-container\">\n\t\t\t\t\t\t\t\t\t\t\t\t<figure class=\"wp-caption\">\n\t\t\t\t\t\t\t\t\t\t<img loading=\"lazy\" decoding=\"async\" width=\"600\" height=\"314\" src=\"https:\/\/comunidadefidelidade.com\/site\/wp-content\/uploads\/2020\/08\/Santa_Faustina_Kowalska.png\" class=\"attachment-large size-large wp-image-1638\" alt=\"\" srcset=\"https:\/\/comunidadefidelidade.com\/site\/wp-content\/uploads\/2020\/08\/Santa_Faustina_Kowalska.png 600w, https:\/\/comunidadefidelidade.com\/site\/wp-content\/uploads\/2020\/08\/Santa_Faustina_Kowalska-300x157.png 300w\" sizes=\"(max-width: 600px) 100vw, 600px\" \/>\t\t\t\t\t\t\t\t\t\t\t<figcaption class=\"widget-image-caption wp-caption-text\">Santa Faustina, rogai por n\u00f3s!<\/figcaption>\n\t\t\t\t\t\t\t\t\t\t<\/figure>\n\t\t\t\t\t\t\t\t\t<\/div>\n\t\t\t\t<\/div>\n\t\t\t\t\t<\/div>\n\t\t<\/div>\n\t\t\t\t<div class=\"elementor-column elementor-col-50 elementor-top-column elementor-element elementor-element-851479b\" data-id=\"851479b\" data-element_type=\"column\" data-e-type=\"column\">\n\t\t\t<div class=\"elementor-widget-wrap elementor-element-populated\">\n\t\t\t\t\t\t<div class=\"elementor-element elementor-element-ef8a7b4 elementor-widget elementor-widget-text-editor\" data-id=\"ef8a7b4\" data-element_type=\"widget\" data-e-type=\"widget\" data-widget_type=\"text-editor.default\">\n\t\t\t\t<div class=\"elementor-widget-container\">\n\t\t\t\t\t\t\t\t\t<p>Entre muitas devo\u00e7\u00f5es, Jesus ensinou a Santa Faustina o Ter\u00e7o da Miseric\u00f3rdia e pediu que o espalhasse pelo mundo; gra\u00e7as a Deus se espalhou; \u00e9 uma fonte de gra\u00e7a e de miseric\u00f3rdia, especialmente para os moribundos. Ela pede que este Ter\u00e7o seja rezado de prefer\u00eancia \u00e0s tr\u00eas horas da tarde, diante do Sant\u00edssimo Sacramento, fazendo-se em seguida uma medita\u00e7\u00e3o sobre a Paix\u00e3o e Morte do Senhor.<\/p>\t\t\t\t\t\t\t\t<\/div>\n\t\t\t\t<\/div>\n\t\t\t\t\t<\/div>\n\t\t<\/div>\n\t\t\t\t\t<\/div>\n\t\t<\/section>\n\t\t\t\t<section class=\"elementor-section elementor-top-section elementor-element elementor-element-b8441bd elementor-section-boxed elementor-section-height-default elementor-section-height-default\" data-id=\"b8441bd\" data-element_type=\"section\" data-e-type=\"section\">\n\t\t\t\t\t\t<div class=\"elementor-container elementor-column-gap-default\">\n\t\t\t\t\t<div class=\"elementor-column elementor-col-100 elementor-top-column elementor-element elementor-element-1417eba\" data-id=\"1417eba\" data-element_type=\"column\" data-e-type=\"column\">\n\t\t\t<div class=\"elementor-widget-wrap elementor-element-populated\">\n\t\t\t\t\t\t<div class=\"elementor-element elementor-element-9ec2fe6 elementor-widget elementor-widget-heading\" data-id=\"9ec2fe6\" data-element_type=\"widget\" data-e-type=\"widget\" data-widget_type=\"heading.default\">\n\t\t\t\t<div class=\"elementor-widget-container\">\n\t\t\t\t\t<h2 class=\"elementor-heading-title elementor-size-default\">s\u00e3o paulo ap\u00f3stolo<\/h2>\t\t\t\t<\/div>\n\t\t\t\t<\/div>\n\t\t\t\t\t<\/div>\n\t\t<\/div>\n\t\t\t\t\t<\/div>\n\t\t<\/section>\n\t\t\t\t<section class=\"elementor-section elementor-top-section elementor-element elementor-element-9335943 elementor-section-boxed elementor-section-height-default elementor-section-height-default\" data-id=\"9335943\" data-element_type=\"section\" data-e-type=\"section\">\n\t\t\t\t\t\t<div class=\"elementor-container elementor-column-gap-default\">\n\t\t\t\t\t<div class=\"elementor-column elementor-col-100 elementor-top-column elementor-element elementor-element-7b68e0e\" data-id=\"7b68e0e\" data-element_type=\"column\" data-e-type=\"column\">\n\t\t\t<div class=\"elementor-widget-wrap elementor-element-populated\">\n\t\t\t\t\t\t<div class=\"elementor-element elementor-element-baa9f6d elementor-widget elementor-widget-text-editor\" data-id=\"baa9f6d\" data-element_type=\"widget\" data-e-type=\"widget\" data-widget_type=\"text-editor.default\">\n\t\t\t\t<div class=\"elementor-widget-container\">\n\t\t\t\t\t\t\t\t\t<p>S\u00e3o Paulo, Ap\u00f3stolo (5-67) foi um ap\u00f3stolo de Cristo, um dos maiores propagadores do cristianismo. Autor de\u00a0treze ep\u00edstolas do Novo Testamento.\u00a0Antes de se converter ao Cristianismo era conhecido como Saulo e perseguia os disc\u00edpulos de Jesus nos arredores de Jerusal\u00e9m.<\/p>\n<p>S\u00e3o Paulo, Ap\u00f3stolo\u00a0nasceu em Tarso, na Cil\u00edcia (atual Turquia), no ano 5 da era crist\u00e3. Tarso era um pr\u00f3spero centro mercantil e intelectual do mundo romano. Recebeu dois nomes, Saulo \u2013 hebreu e Paulo \u2013 romano. Seus pais eram judeus, mas gozavam dos privil\u00e9gios da cidadania romana.<\/p>\t\t\t\t\t\t\t\t<\/div>\n\t\t\t\t<\/div>\n\t\t\t\t\t<\/div>\n\t\t<\/div>\n\t\t\t\t\t<\/div>\n\t\t<\/section>\n\t\t\t\t<section class=\"elementor-section elementor-top-section elementor-element elementor-element-65cbc32 elementor-section-boxed elementor-section-height-default elementor-section-height-default\" data-id=\"65cbc32\" data-element_type=\"section\" data-e-type=\"section\">\n\t\t\t\t\t\t<div class=\"elementor-container elementor-column-gap-default\">\n\t\t\t\t\t<div class=\"elementor-column elementor-col-50 elementor-top-column elementor-element elementor-element-441ca9b\" data-id=\"441ca9b\" data-element_type=\"column\" data-e-type=\"column\">\n\t\t\t<div class=\"elementor-widget-wrap elementor-element-populated\">\n\t\t\t\t\t\t<div class=\"elementor-element elementor-element-29cfdcc elementor-widget elementor-widget-text-editor\" data-id=\"29cfdcc\" data-element_type=\"widget\" data-e-type=\"widget\" data-widget_type=\"text-editor.default\">\n\t\t\t\t<div class=\"elementor-widget-container\">\n\t\t\t\t\t\t\t\t\t<p>A convers\u00e3o de S\u00e3o Paulo \u00e9 uma das mais importantes da hist\u00f3ria da Igreja. Mostra o poder da gra\u00e7a divina, capaz de transformar Saulo, perseguidor da Igreja, no &#8220;Ap\u00f3stolo Paulo&#8221; por excel\u00eancia, que tem a iniciativa da evangeliza\u00e7\u00e3o dos pag\u00e3os. Ele pr\u00f3prio confessa, por diversas vezes, que foi perseguidor implac\u00e1vel das primeiras comunidades crist\u00e3s.&nbsp;<\/p>\t\t\t\t\t\t\t\t<\/div>\n\t\t\t\t<\/div>\n\t\t\t\t\t<\/div>\n\t\t<\/div>\n\t\t\t\t<div class=\"elementor-column elementor-col-50 elementor-top-column elementor-element elementor-element-cb28c3d\" data-id=\"cb28c3d\" data-element_type=\"column\" data-e-type=\"column\">\n\t\t\t<div class=\"elementor-widget-wrap elementor-element-populated\">\n\t\t\t\t\t\t<div class=\"elementor-element elementor-element-b76420b elementor-widget elementor-widget-image\" data-id=\"b76420b\" data-element_type=\"widget\" data-e-type=\"widget\" data-widget_type=\"image.default\">\n\t\t\t\t<div class=\"elementor-widget-container\">\n\t\t\t\t\t\t\t\t\t\t\t\t<figure class=\"wp-caption\">\n\t\t\t\t\t\t\t\t\t\t<img loading=\"lazy\" decoding=\"async\" width=\"450\" height=\"233\" src=\"https:\/\/comunidadefidelidade.com\/site\/wp-content\/uploads\/2020\/08\/Apostolopaulo2.jpg\" class=\"attachment-large size-large wp-image-1642\" alt=\"\" srcset=\"https:\/\/comunidadefidelidade.com\/site\/wp-content\/uploads\/2020\/08\/Apostolopaulo2.jpg 450w, https:\/\/comunidadefidelidade.com\/site\/wp-content\/uploads\/2020\/08\/Apostolopaulo2-300x155.jpg 300w\" sizes=\"(max-width: 450px) 100vw, 450px\" \/>\t\t\t\t\t\t\t\t\t\t\t<figcaption class=\"widget-image-caption wp-caption-text\">S\u00e3o Paulo Ap\u00f3stolo, rogai por n\u00f3s!<\/figcaption>\n\t\t\t\t\t\t\t\t\t\t<\/figure>\n\t\t\t\t\t\t\t\t\t<\/div>\n\t\t\t\t<\/div>\n\t\t\t\t\t<\/div>\n\t\t<\/div>\n\t\t\t\t\t<\/div>\n\t\t<\/section>\n\t\t\t\t<section class=\"elementor-section elementor-top-section elementor-element elementor-element-dff2dbe elementor-section-boxed elementor-section-height-default elementor-section-height-default\" data-id=\"dff2dbe\" data-element_type=\"section\" data-e-type=\"section\">\n\t\t\t\t\t\t<div class=\"elementor-container elementor-column-gap-default\">\n\t\t\t\t\t<div class=\"elementor-column elementor-col-100 elementor-top-column elementor-element elementor-element-a963b98\" data-id=\"a963b98\" data-element_type=\"column\" data-e-type=\"column\">\n\t\t\t<div class=\"elementor-widget-wrap elementor-element-populated\">\n\t\t\t\t\t\t<div class=\"elementor-element elementor-element-7eec6fc elementor-widget elementor-widget-text-editor\" data-id=\"7eec6fc\" data-element_type=\"widget\" data-e-type=\"widget\" data-widget_type=\"text-editor.default\">\n\t\t\t\t<div class=\"elementor-widget-container\">\n\t\t\t\t\t\t\t\t\t<p><img loading=\"lazy\" decoding=\"async\" class=\"alignleft size-medium wp-image-1641\" src=\"https:\/\/comunidadefidelidade.com\/site\/wp-content\/uploads\/2020\/08\/2112217e465c08c58646db2c8a71488b-203x300.jpg\" alt=\"\" width=\"203\" height=\"300\" srcset=\"https:\/\/comunidadefidelidade.com\/site\/wp-content\/uploads\/2020\/08\/2112217e465c08c58646db2c8a71488b-203x300.jpg 203w, https:\/\/comunidadefidelidade.com\/site\/wp-content\/uploads\/2020\/08\/2112217e465c08c58646db2c8a71488b.jpg 340w\" sizes=\"(max-width: 203px) 100vw, 203px\" \/>Por causa disso atribui a si mesmo o t\u00edtulo de &#8220;o menor entre os Ap\u00f3stolos&#8221; e ainda, de &#8220;indigno de ser chamado Ap\u00f3stolo&#8221;. Mas Deus, que conhecia a sua retid\u00e3o, tornou-o testemunha da morte de Santo Estev\u00e3o, cena descrita nos Atos dos Ap\u00f3stolos. A vis\u00e3o de Estev\u00e3o apontando para os c\u00e9us abertos e Cristo, a\u00ed reinando, domina a vida toda de Paulo, o grande mission\u00e1rio do Cristianismo.<\/p>\n<p>Encontramos, no cap\u00edtulo 9 dos Atos dos Ap\u00f3stolos, o testemunho:\u00a0<i>\u201cEnquanto isso, Saulo s\u00f3 respirava amea\u00e7as e morte contra os disc\u00edpulos do Senhor. Apresentou-se ao pr\u00edncipe dos sacerdotes e pediu-lhes cartas para as sinagogas de Damasco, com o fim de levar presos, a Jerusal\u00e9m, todos os homens e mulheres que seguissem essa doutrina. Durante a viagem, estando j\u00e1 em Damasco, subitamente o cercou uma luz resplandecente vinda do c\u00e9u. Caindo por terra, ouviu uma voz que lhe dizia: \u2018Saulo, Saulo, por que me persegues?\u2019. Saulo ent\u00e3o diz: \u2018Quem \u00e9s, Senhor?\u2019. Respondeu Ele: \u2018Eu sou Jesus, a quem tu persegues. Duro te \u00e9 recalcitrar contra o aguilh\u00e3o\u2019. Tr\u00eamulo e at\u00f4nito, disse Saulo: \u2018Senhor, que queres que eu fa\u00e7a?\u2019 respondeu-lhe o Senhor: \u2018Levanta-te, entra na cidade, a\u00ed te ser\u00e1 dito o que deves fazer&#8217;\u201d<\/i>.<img loading=\"lazy\" decoding=\"async\" class=\"size-medium wp-image-1645 alignright\" src=\"https:\/\/comunidadefidelidade.com\/site\/wp-content\/uploads\/2020\/08\/IMG_3059-225x300.jpg\" alt=\"\" width=\"225\" height=\"300\" srcset=\"https:\/\/comunidadefidelidade.com\/site\/wp-content\/uploads\/2020\/08\/IMG_3059-225x300.jpg 225w, https:\/\/comunidadefidelidade.com\/site\/wp-content\/uploads\/2020\/08\/IMG_3059-768x1024.jpg 768w, https:\/\/comunidadefidelidade.com\/site\/wp-content\/uploads\/2020\/08\/IMG_3059-300x400.jpg 300w, https:\/\/comunidadefidelidade.com\/site\/wp-content\/uploads\/2020\/08\/IMG_3059.jpg 960w\" sizes=\"(max-width: 225px) 100vw, 225px\" \/><\/p>\n<p>O interessante \u00e9 que o batismo de Saulo \u00e9 apresentado por Ananias, um crist\u00e3o comum, mas d\u00f3cil ao Esp\u00edrito Santo. Duas festas lit\u00fargicas foram criadas em homenagem a S\u00e3o Paulo. A primeira em 25 de janeiro, foi institu\u00edda na G\u00e1lia, no s\u00e9culo VIII, para lembrar a convers\u00e3o do Ap\u00f3stolo e entrou no calend\u00e1rio romano no final do s\u00e9culo X. A segunda, lembrando o seu mart\u00edrio a 29 de junho, juntamente com o do Ap\u00f3stolo S\u00e3o Pedro, foi inserida no santoral (livro dos santos da Igreja Cat\u00f3lica) muito antes da festa do Natal e havia desde o s\u00e9culo IV o costume de celebrar neste dia tr\u00eas Missas.<\/p>\t\t\t\t\t\t\t\t<\/div>\n\t\t\t\t<\/div>\n\t\t\t\t\t<\/div>\n\t\t<\/div>\n\t\t\t\t\t<\/div>\n\t\t<\/section>\n\t\t\t\t<section class=\"elementor-section elementor-top-section elementor-element elementor-element-84856cc elementor-section-boxed elementor-section-height-default elementor-section-height-default\" data-id=\"84856cc\" data-element_type=\"section\" data-e-type=\"section\">\n\t\t\t\t\t\t<div class=\"elementor-container elementor-column-gap-default\">\n\t\t\t\t\t<div class=\"elementor-column elementor-col-100 elementor-top-column elementor-element elementor-element-15880c3\" data-id=\"15880c3\" data-element_type=\"column\" data-e-type=\"column\">\n\t\t\t<div class=\"elementor-widget-wrap elementor-element-populated\">\n\t\t\t\t\t\t<div class=\"elementor-element elementor-element-dd51c09 elementor-widget elementor-widget-heading\" data-id=\"dd51c09\" data-element_type=\"widget\" data-e-type=\"widget\" data-widget_type=\"heading.default\">\n\t\t\t\t<div class=\"elementor-widget-container\">\n\t\t\t\t\t<h2 class=\"elementor-heading-title elementor-size-default\">s\u00e3o judas tadeu<\/h2>\t\t\t\t<\/div>\n\t\t\t\t<\/div>\n\t\t\t\t\t<\/div>\n\t\t<\/div>\n\t\t\t\t\t<\/div>\n\t\t<\/section>\n\t\t\t\t<section class=\"elementor-section elementor-top-section elementor-element elementor-element-2bec53c elementor-section-boxed elementor-section-height-default elementor-section-height-default\" data-id=\"2bec53c\" data-element_type=\"section\" data-e-type=\"section\">\n\t\t\t\t\t\t<div class=\"elementor-container elementor-column-gap-default\">\n\t\t\t\t\t<div class=\"elementor-column elementor-col-100 elementor-top-column elementor-element elementor-element-78c3331\" data-id=\"78c3331\" data-element_type=\"column\" data-e-type=\"column\">\n\t\t\t<div class=\"elementor-widget-wrap elementor-element-populated\">\n\t\t\t\t\t\t<div class=\"elementor-element elementor-element-5c8c589 elementor-widget elementor-widget-text-editor\" data-id=\"5c8c589\" data-element_type=\"widget\" data-e-type=\"widget\" data-widget_type=\"text-editor.default\">\n\t\t\t\t<div class=\"elementor-widget-container\">\n\t\t\t\t\t\t\t\t\t<p>Em primeiro lugar, \u00e9 importante que voc\u00ea saiba que Judas Tadeu \u00e9 um dos doze ap\u00f3stolos, e que ele era primo de Jesus Cristo, uma vez que era filho de Cl\u00e9ofas (irm\u00e3o de S\u00e3o Jos\u00e9) e de Maria de Cl\u00e9ofas (irm\u00e3 de Nossa Senhora).<\/p>\n<p>S\u00e3o Judas era irm\u00e3o de S\u00e3o Tiago (menor) e de S\u00e3o Sim\u00e3o, ambos disc\u00edpulos de Jesus. O nome Judas significa \u201cDeus seja louvado\u201d.<\/p>\n<p>Al\u00e9m disso, alguns estudiosos acreditam que S\u00e3o Judas tadeu \u00e9 o noivo do casamento em Can\u00e1 da Galileia, onde Jesus realizou seu primeiro milagre transformando \u00e1gua em vinho.<\/p>\t\t\t\t\t\t\t\t<\/div>\n\t\t\t\t<\/div>\n\t\t\t\t\t<\/div>\n\t\t<\/div>\n\t\t\t\t\t<\/div>\n\t\t<\/section>\n\t\t\t\t<section class=\"elementor-section elementor-top-section elementor-element elementor-element-ea424d0 elementor-section-boxed elementor-section-height-default elementor-section-height-default\" data-id=\"ea424d0\" data-element_type=\"section\" data-e-type=\"section\">\n\t\t\t\t\t\t<div class=\"elementor-container elementor-column-gap-default\">\n\t\t\t\t\t<div class=\"elementor-column elementor-col-50 elementor-top-column elementor-element elementor-element-4d61669\" data-id=\"4d61669\" data-element_type=\"column\" data-e-type=\"column\">\n\t\t\t<div class=\"elementor-widget-wrap elementor-element-populated\">\n\t\t\t\t\t\t<div class=\"elementor-element elementor-element-59f3c3c elementor-widget elementor-widget-image\" data-id=\"59f3c3c\" data-element_type=\"widget\" data-e-type=\"widget\" data-widget_type=\"image.default\">\n\t\t\t\t<div class=\"elementor-widget-container\">\n\t\t\t\t\t\t\t\t\t\t\t\t<figure class=\"wp-caption\">\n\t\t\t\t\t\t\t\t\t\t<img loading=\"lazy\" decoding=\"async\" width=\"1024\" height=\"570\" src=\"https:\/\/comunidadefidelidade.com\/site\/wp-content\/uploads\/2020\/08\/judas-1024x570.jpg\" class=\"attachment-large size-large wp-image-1649\" alt=\"\" srcset=\"https:\/\/comunidadefidelidade.com\/site\/wp-content\/uploads\/2020\/08\/judas-1024x570.jpg 1024w, https:\/\/comunidadefidelidade.com\/site\/wp-content\/uploads\/2020\/08\/judas-300x167.jpg 300w, https:\/\/comunidadefidelidade.com\/site\/wp-content\/uploads\/2020\/08\/judas-768x427.jpg 768w, https:\/\/comunidadefidelidade.com\/site\/wp-content\/uploads\/2020\/08\/judas.jpg 1181w\" sizes=\"(max-width: 1024px) 100vw, 1024px\" \/>\t\t\t\t\t\t\t\t\t\t\t<figcaption class=\"widget-image-caption wp-caption-text\">S\u00e3o Judas Tadeu, rogai por n\u00f3s!<\/figcaption>\n\t\t\t\t\t\t\t\t\t\t<\/figure>\n\t\t\t\t\t\t\t\t\t<\/div>\n\t\t\t\t<\/div>\n\t\t\t\t\t<\/div>\n\t\t<\/div>\n\t\t\t\t<div class=\"elementor-column elementor-col-50 elementor-top-column elementor-element elementor-element-f4f5c0a\" data-id=\"f4f5c0a\" data-element_type=\"column\" data-e-type=\"column\">\n\t\t\t<div class=\"elementor-widget-wrap elementor-element-populated\">\n\t\t\t\t\t\t<div class=\"elementor-element elementor-element-4a762cb elementor-widget elementor-widget-text-editor\" data-id=\"4a762cb\" data-element_type=\"widget\" data-e-type=\"widget\" data-widget_type=\"text-editor.default\">\n\t\t\t\t<div class=\"elementor-widget-container\">\n\t\t\t\t\t\t\t\t\t<p>Al\u00e9m disso, S\u00e3o Judas escreveu a menor das cartas do Novo Testamento que \u00e9 conhecida como \u201cA Carta de Judas\u201d. Ele tinha muito cuidado em preservar a s\u00e3 doutrina sobre Nosso Senhor Jesus Cristo, e por isso, \u00e9 que ele pregava muito contra os falsos profetas.<\/p>\n<p>Sim\u00e3o e Judas foram martirizados na P\u00e9rsia, na cidade de Sufian.&nbsp;<\/p>\n<p><\/p>\t\t\t\t\t\t\t\t<\/div>\n\t\t\t\t<\/div>\n\t\t\t\t\t<\/div>\n\t\t<\/div>\n\t\t\t\t\t<\/div>\n\t\t<\/section>\n\t\t\t\t<section class=\"elementor-section elementor-top-section elementor-element elementor-element-fa02afe elementor-section-boxed elementor-section-height-default elementor-section-height-default\" data-id=\"fa02afe\" data-element_type=\"section\" data-e-type=\"section\">\n\t\t\t\t\t\t<div class=\"elementor-container elementor-column-gap-default\">\n\t\t\t\t\t<div class=\"elementor-column elementor-col-100 elementor-top-column elementor-element elementor-element-e89ae6b\" data-id=\"e89ae6b\" data-element_type=\"column\" data-e-type=\"column\">\n\t\t\t<div class=\"elementor-widget-wrap elementor-element-populated\">\n\t\t\t\t\t\t<div class=\"elementor-element elementor-element-20f04ba elementor-widget elementor-widget-text-editor\" data-id=\"20f04ba\" data-element_type=\"widget\" data-e-type=\"widget\" data-widget_type=\"text-editor.default\">\n\t\t\t\t<div class=\"elementor-widget-container\">\n\t\t\t\t\t\t\t\t\t<p>Eles foram mortos por pregarem destemidamente a f\u00e9 em Jesus Cristo. Por causa da prega\u00e7\u00e3o deles, grande foi o n\u00famero de persas que se converteram ao cristianismo. Isso incomodou os poderosos da P\u00e9rsia. Por isso, foram condenados \u00e0 morte. V\u00e1rios estudiosos das escrituras acreditam que S\u00e3o Judas foi decapitado por carrascos que usavam como ferramenta o machado afiado.<\/p>\n<p>Muitos se converteram ao verem o testemunho destemido de S\u00e3o Judas diante da morte. O corpo de\u00a0<strong>S\u00e3o Judas<\/strong>\u00a0est\u00e1 sepultado na\u00a0<strong>Bas\u00edlica de S\u00e3o Pedro<\/strong>, no Vaticano. O Papa Paulo III escreveu uma bula concedendo indulg\u00eancia plen\u00e1ria para todos aqueles que rezarem em seu t\u00famulo no dia 28 de outubro, dia da sua festa.<\/p>\n<p>E por isso, pela forma como ele foi morto, \u00e9 que S\u00e3o Judas \u00e9 representado segurando o machado.<\/p>\t\t\t\t\t\t\t\t<\/div>\n\t\t\t\t<\/div>\n\t\t\t\t\t<\/div>\n\t\t<\/div>\n\t\t\t\t\t<\/div>\n\t\t<\/section>\n\t\t\t\t<section class=\"elementor-section elementor-top-section elementor-element elementor-element-8469872 elementor-section-boxed elementor-section-height-default elementor-section-height-default\" data-id=\"8469872\" data-element_type=\"section\" data-e-type=\"section\">\n\t\t\t\t\t\t<div class=\"elementor-container elementor-column-gap-default\">\n\t\t\t\t\t<div class=\"elementor-column elementor-col-50 elementor-top-column elementor-element elementor-element-1d5a6ce\" data-id=\"1d5a6ce\" data-element_type=\"column\" data-e-type=\"column\">\n\t\t\t<div class=\"elementor-widget-wrap elementor-element-populated\">\n\t\t\t\t\t\t<div class=\"elementor-element elementor-element-1e9e94e elementor-widget elementor-widget-text-editor\" data-id=\"1e9e94e\" data-element_type=\"widget\" data-e-type=\"widget\" data-widget_type=\"text-editor.default\">\n\t\t\t\t<div class=\"elementor-widget-container\">\n\t\t\t\t\t\t\t\t\t<p>Por ter o mesmo nome que Judas, o Escariotes, S\u00e3o Judas Tadeu muitas vezes \u00e9 confundido com ele, e por isso, a devo\u00e7\u00e3o a ele n\u00e3o era muito difundida, at\u00e9 que Nosso Senhor Jesus Cristo apareceu a Santa Br\u00edgida da Su\u00e9cia e lhe disse que para ela alcan\u00e7ar a gra\u00e7a desejada, deveria rezar a S\u00e3o Judas Tadeu, pois ele queria conceder gra\u00e7as \u00e0s pessoas do mundo todo, por meio desse santo.<\/p>\t\t\t\t\t\t\t\t<\/div>\n\t\t\t\t<\/div>\n\t\t\t\t\t<\/div>\n\t\t<\/div>\n\t\t\t\t<div class=\"elementor-column elementor-col-50 elementor-top-column elementor-element elementor-element-e8a382e\" data-id=\"e8a382e\" data-element_type=\"column\" data-e-type=\"column\">\n\t\t\t<div class=\"elementor-widget-wrap elementor-element-populated\">\n\t\t\t\t\t\t<div class=\"elementor-element elementor-element-b27f84f elementor-widget elementor-widget-image\" data-id=\"b27f84f\" data-element_type=\"widget\" data-e-type=\"widget\" data-widget_type=\"image.default\">\n\t\t\t\t<div class=\"elementor-widget-container\">\n\t\t\t\t\t\t\t\t\t\t\t\t\t\t\t<img loading=\"lazy\" decoding=\"async\" width=\"1024\" height=\"682\" src=\"https:\/\/comunidadefidelidade.com\/site\/wp-content\/uploads\/2020\/08\/sao-judas-tadeu-1024x682.jpg\" class=\"attachment-large size-large wp-image-1650\" alt=\"\" srcset=\"https:\/\/comunidadefidelidade.com\/site\/wp-content\/uploads\/2020\/08\/sao-judas-tadeu-1024x682.jpg 1024w, https:\/\/comunidadefidelidade.com\/site\/wp-content\/uploads\/2020\/08\/sao-judas-tadeu-300x200.jpg 300w, https:\/\/comunidadefidelidade.com\/site\/wp-content\/uploads\/2020\/08\/sao-judas-tadeu-768x512.jpg 768w, https:\/\/comunidadefidelidade.com\/site\/wp-content\/uploads\/2020\/08\/sao-judas-tadeu-391x260.jpg 391w, https:\/\/comunidadefidelidade.com\/site\/wp-content\/uploads\/2020\/08\/sao-judas-tadeu.jpg 1400w\" sizes=\"(max-width: 1024px) 100vw, 1024px\" \/>\t\t\t\t\t\t\t\t\t\t\t\t\t\t\t<\/div>\n\t\t\t\t<\/div>\n\t\t\t\t\t<\/div>\n\t\t<\/div>\n\t\t\t\t\t<\/div>\n\t\t<\/section>\n\t\t\t\t<section class=\"elementor-section elementor-top-section elementor-element elementor-element-94ec146 elementor-section-boxed elementor-section-height-default elementor-section-height-default\" data-id=\"94ec146\" data-element_type=\"section\" data-e-type=\"section\">\n\t\t\t\t\t\t<div class=\"elementor-container elementor-column-gap-default\">\n\t\t\t\t\t<div class=\"elementor-column elementor-col-100 elementor-top-column elementor-element elementor-element-4090b39\" data-id=\"4090b39\" data-element_type=\"column\" data-e-type=\"column\">\n\t\t\t<div class=\"elementor-widget-wrap elementor-element-populated\">\n\t\t\t\t\t\t<div class=\"elementor-element elementor-element-d67afc0 elementor-widget elementor-widget-text-editor\" data-id=\"d67afc0\" data-element_type=\"widget\" data-e-type=\"widget\" data-widget_type=\"text-editor.default\">\n\t\t\t\t<div class=\"elementor-widget-container\">\n\t\t\t\t\t\t\t\t\t<p>Por isso, ainda hoje, a devo\u00e7\u00e3o a S\u00e3o Judas Tadeu \u00e9 forte em todo o mundo, e s\u00e3o tantas as gra\u00e7as alcan\u00e7adas pela intercess\u00e3o do Santo que ele \u00e9 conhecido como o advogado das causas perdidas ou dif\u00edceis de serem resolvidas.<\/p>\t\t\t\t\t\t\t\t<\/div>\n\t\t\t\t<\/div>\n\t\t\t\t\t<\/div>\n\t\t<\/div>\n\t\t\t\t\t<\/div>\n\t\t<\/section>\n\t\t\t\t<\/div>\n\t\t","protected":false},"excerpt":{"rendered":"<p>[vc_row][vc_column][vc_column_text] o que s\u00e3o os santos baluartes \u00c9 uma tradi\u00e7\u00e3o bastante comum e muito segura das Novas Comunidades, recorrerem a um, ou a v\u00e1rios Santos Baluartes, desfrutando assim de toda a m\u00edstica que estes desenvolveram em seu relacionamento com Deus. De acordo com o dicion\u00e1rio da l\u00edngua portuguesa, a palavra \u201cbaluarte\u201d significa \u201cpessoa ou lugar&hellip;<\/p>\n","protected":false},"author":1,"featured_media":0,"parent":0,"menu_order":0,"comment_status":"closed","ping_status":"closed","template":"","meta":{"footnotes":""},"class_list":["post-1531","page","type-page","status-publish","hentry"],"_links":{"self":[{"href":"https:\/\/comunidadefidelidade.com\/site\/wp-json\/wp\/v2\/pages\/1531","targetHints":{"allow":["GET"]}}],"collection":[{"href":"https:\/\/comunidadefidelidade.com\/site\/wp-json\/wp\/v2\/pages"}],"about":[{"href":"https:\/\/comunidadefidelidade.com\/site\/wp-json\/wp\/v2\/types\/page"}],"author":[{"embeddable":true,"href":"https:\/\/comunidadefidelidade.com\/site\/wp-json\/wp\/v2\/users\/1"}],"replies":[{"embeddable":true,"href":"https:\/\/comunidadefidelidade.com\/site\/wp-json\/wp\/v2\/comments?post=1531"}],"version-history":[{"count":18,"href":"https:\/\/comunidadefidelidade.com\/site\/wp-json\/wp\/v2\/pages\/1531\/revisions"}],"predecessor-version":[{"id":4205,"href":"https:\/\/comunidadefidelidade.com\/site\/wp-json\/wp\/v2\/pages\/1531\/revisions\/4205"}],"wp:attachment":[{"href":"https:\/\/comunidadefidelidade.com\/site\/wp-json\/wp\/v2\/media?parent=1531"}],"curies":[{"name":"wp","href":"https:\/\/api.w.org\/{rel}","templated":true}]}}